{"id":155,"date":"2025-04-05T01:37:05","date_gmt":"2025-04-04T23:37:05","guid":{"rendered":"https:\/\/lamachinerie.fr\/site\/?page_id=155"},"modified":"2025-04-05T01:37:05","modified_gmt":"2025-04-04T23:37:05","slug":"snark","status":"publish","type":"page","link":"https:\/\/lamachinerie.fr\/site\/?page_id=155","title":{"rendered":"snark\/"},"content":{"rendered":"\n<p class=\"has-text-color has-link-color has-body-font-family wp-elements-8691c90d9362b51a879f8b5c6f156ec8\" style=\"color:#e33dca;font-size:clamp(14px, 0.875rem + ((1vw - 3.2px) * 0.208), 16px);font-style:normal;font-weight:600\">Le snark\/ c&rsquo;est :<br><strong>franca cuomo<\/strong> voix et <strong>michel edelin<\/strong> fl\u00fbtes <br><strong>sylvain solaro<\/strong> images et vid\u00e9o<\/p>\n\n\n\n<figure class=\"wp-block-image size-large\"><img loading=\"lazy\" decoding=\"async\" width=\"1024\" height=\"683\" src=\"https:\/\/lamachinerie.fr\/site\/wp-content\/uploads\/2025\/04\/MG_8960-copie-4-1024x683.jpg\" alt=\"\" class=\"wp-image-156\" srcset=\"https:\/\/lamachinerie.fr\/site\/wp-content\/uploads\/2025\/04\/MG_8960-copie-4-1024x683.jpg 1024w, https:\/\/lamachinerie.fr\/site\/wp-content\/uploads\/2025\/04\/MG_8960-copie-4-300x200.jpg 300w, https:\/\/lamachinerie.fr\/site\/wp-content\/uploads\/2025\/04\/MG_8960-copie-4-768x512.jpg 768w, https:\/\/lamachinerie.fr\/site\/wp-content\/uploads\/2025\/04\/MG_8960-copie-4.jpg 1123w\" sizes=\"(max-width: 1024px) 100vw, 1024px\" \/><\/figure>\n\n\n\n<h4 class=\"wp-block-heading is-style-default has-body-font-family\" style=\"font-size:clamp(14px, 0.875rem + ((1vw - 3.2px) * 0.521), 19px);font-style:italic;font-weight:500\">une fable musicale pour fl\u00fbtes, voix, animaux<\/h4>\n\n\n\n<p class=\"has-body-font-family\" style=\"font-size:clamp(14px, 0.875rem + ((1vw - 3.2px) * 0.208), 16px);font-style:italic;font-weight:200\">Les supports de ce concert in\u00e9dit sont choisis parmi des fables anciennes ou modernes, issues des quatre coins du monde, \u00e9voquant l\u2019\u00e9tranget\u00e9 et la beaut\u00e9 du monde animal,v\u00e9g\u00e9tal et min\u00e9ral, qu\u2019il soit r\u00e9el ou imaginaire.<br>La musique en est \u00e0 la fois improvis\u00e9e, et compos\u00e9e pour la circonstance. Une structure organique mais dramaturgiquement organis\u00e9e, quoique lib\u00e9r\u00e9e des contraintes qu\u2019imposerait une esth\u00e9tique musicale trop d\u00e9finie.<br>Un monde d\u2019images cr\u00e9\u00e9 pour la circonstance (Sylvain Solaro) viendra cr\u00e9er, accompagner, objectiver les formes de ce man\u00e8ge imaginaire, de ce kiosque \u00e0 musique(s) \u00e9trange et forain.<\/p>\n\n\n\n<figure class=\"wp-block-embed is-type-video is-provider-vimeo wp-block-embed-vimeo wp-embed-aspect-16-9 wp-has-aspect-ratio\"><div class=\"wp-block-embed__wrapper\">\n<iframe loading=\"lazy\" title=\"SNARK \/\" src=\"https:\/\/player.vimeo.com\/video\/152010867?dnt=1&amp;app_id=122963\" width=\"500\" height=\"281\" frameborder=\"0\" allow=\"autoplay; fullscreen; picture-in-picture; clipboard-write; encrypted-media\"><\/iframe>\n<\/div><\/figure>\n\n\n\n<p class=\"has-body-font-family\" style=\"font-size:clamp(14px, 0.875rem + ((1vw - 3.2px) * 0.208), 16px);font-style:normal;font-weight:500\"><br><\/p>\n","protected":false},"excerpt":{"rendered":"<p>Le snark\/ c&rsquo;est :franca cuomo voix et michel edelin fl\u00fbtes sylvain solaro images et vid\u00e9o une fable musicale pour fl\u00fbtes, voix, animaux Les supports de ce concert in\u00e9dit sont choisis parmi des fables anciennes ou modernes, issues des quatre coins du monde, \u00e9voquant l\u2019\u00e9tranget\u00e9 et la beaut\u00e9 du monde animal,v\u00e9g\u00e9tal et min\u00e9ral, qu\u2019il soit r\u00e9el [&hellip;]<\/p>\n","protected":false},"author":1,"featured_media":0,"parent":0,"menu_order":0,"comment_status":"closed","ping_status":"closed","template":"","meta":{"footnotes":""},"yoast_head":"<!-- This site is optimized with the Yoast SEO plugin v18.0 - https:\/\/yoast.com\/wordpress\/plugins\/seo\/ -->\n<meta name=\"robots\" content=\"index, follow, max-snippet:-1, max-image-preview:large, max-video-preview:-1\" \/>\n<link rel=\"canonical\" href=\"https:\/\/lamachinerie.fr\/site\/?page_id=155\" \/>\n<meta property=\"og:locale\" content=\"fr_FR\" \/>\n<meta property=\"og:type\" content=\"article\" \/>\n<meta property=\"og:title\" content=\"snark\/ - collectif la machinerie - fabrications sc\u00e9niques et musicales\" \/>\n<meta property=\"og:description\" content=\"Le snark\/ c&rsquo;est :franca cuomo voix et michel edelin fl\u00fbtes sylvain solaro images et vid\u00e9o une fable musicale pour fl\u00fbtes, voix, animaux Les supports de ce concert in\u00e9dit sont choisis parmi des fables anciennes ou modernes, issues des quatre coins du monde, \u00e9voquant l\u2019\u00e9tranget\u00e9 et la beaut\u00e9 du monde animal,v\u00e9g\u00e9tal et min\u00e9ral, qu\u2019il soit r\u00e9el [&hellip;]\" \/>\n<meta property=\"og:url\" content=\"https:\/\/lamachinerie.fr\/site\/?page_id=155\" \/>\n<meta property=\"og:site_name\" content=\"collectif la machinerie - fabrications sc\u00e9niques et musicales\" \/>\n<meta property=\"og:image\" content=\"https:\/\/lamachinerie.fr\/site\/wp-content\/uploads\/2025\/04\/MG_8960-copie-4-1024x683.jpg\" \/>\n<meta name=\"twitter:card\" content=\"summary_large_image\" \/>\n<meta name=\"twitter:label1\" content=\"Dur\u00e9e de lecture estim\u00e9e\" \/>\n\t<meta name=\"twitter:data1\" content=\"1 minute\" \/>\n<script type=\"application\/ld+json\" class=\"yoast-schema-graph\">{\"@context\":\"https:\/\/schema.org\",\"@graph\":[{\"@type\":\"Organization\",\"@id\":\"https:\/\/lamachinerie.fr\/site\/#organization\",\"name\":\"COLLECTIF LA MACHINERIE\",\"url\":\"https:\/\/lamachinerie.fr\/site\/\",\"sameAs\":[],\"logo\":{\"@type\":\"ImageObject\",\"@id\":\"https:\/\/lamachinerie.fr\/site\/#logo\",\"inLanguage\":\"fr-FR\",\"url\":\"https:\/\/lamachinerie.fr\/site\/wp-content\/uploads\/2026\/02\/logo_72.jpg\",\"contentUrl\":\"https:\/\/lamachinerie.fr\/site\/wp-content\/uploads\/2026\/02\/logo_72.jpg\",\"width\":800,\"height\":474,\"caption\":\"COLLECTIF LA MACHINERIE\"},\"image\":{\"@id\":\"https:\/\/lamachinerie.fr\/site\/#logo\"}},{\"@type\":\"WebSite\",\"@id\":\"https:\/\/lamachinerie.fr\/site\/#website\",\"url\":\"https:\/\/lamachinerie.fr\/site\/\",\"name\":\"collectif la machinerie - fabrications sc\u00e9niques et musicales\",\"description\":\"fabrications sc\u00e9niques et musicales\",\"publisher\":{\"@id\":\"https:\/\/lamachinerie.fr\/site\/#organization\"},\"potentialAction\":[{\"@type\":\"SearchAction\",\"target\":{\"@type\":\"EntryPoint\",\"urlTemplate\":\"https:\/\/lamachinerie.fr\/site\/?s={search_term_string}\"},\"query-input\":\"required name=search_term_string\"}],\"inLanguage\":\"fr-FR\"},{\"@type\":\"ImageObject\",\"@id\":\"https:\/\/lamachinerie.fr\/site\/?page_id=155#primaryimage\",\"inLanguage\":\"fr-FR\",\"url\":\"https:\/\/lamachinerie.fr\/site\/wp-content\/uploads\/2025\/04\/MG_8960-copie-4.jpg\",\"contentUrl\":\"https:\/\/lamachinerie.fr\/site\/wp-content\/uploads\/2025\/04\/MG_8960-copie-4.jpg\",\"width\":1123,\"height\":749},{\"@type\":\"WebPage\",\"@id\":\"https:\/\/lamachinerie.fr\/site\/?page_id=155#webpage\",\"url\":\"https:\/\/lamachinerie.fr\/site\/?page_id=155\",\"name\":\"snark\/ - collectif la machinerie - fabrications sc\u00e9niques et musicales\",\"isPartOf\":{\"@id\":\"https:\/\/lamachinerie.fr\/site\/#website\"},\"primaryImageOfPage\":{\"@id\":\"https:\/\/lamachinerie.fr\/site\/?page_id=155#primaryimage\"},\"datePublished\":\"2025-04-04T23:37:05+00:00\",\"dateModified\":\"2025-04-04T23:37:05+00:00\",\"breadcrumb\":{\"@id\":\"https:\/\/lamachinerie.fr\/site\/?page_id=155#breadcrumb\"},\"inLanguage\":\"fr-FR\",\"potentialAction\":[{\"@type\":\"ReadAction\",\"target\":[\"https:\/\/lamachinerie.fr\/site\/?page_id=155\"]}]},{\"@type\":\"BreadcrumbList\",\"@id\":\"https:\/\/lamachinerie.fr\/site\/?page_id=155#breadcrumb\",\"itemListElement\":[{\"@type\":\"ListItem\",\"position\":1,\"name\":\"Accueil\",\"item\":\"https:\/\/lamachinerie.fr\/site\"},{\"@type\":\"ListItem\",\"position\":2,\"name\":\"snark\/\"}]}]}<\/script>\n<!-- \/ Yoast SEO plugin. -->","yoast_head_json":{"robots":{"index":"index","follow":"follow","max-snippet":"max-snippet:-1","max-image-preview":"max-image-preview:large","max-video-preview":"max-video-preview:-1"},"canonical":"https:\/\/lamachinerie.fr\/site\/?page_id=155","og_locale":"fr_FR","og_type":"article","og_title":"snark\/ - collectif la machinerie - fabrications sc\u00e9niques et musicales","og_description":"Le snark\/ c&rsquo;est :franca cuomo voix et michel edelin fl\u00fbtes sylvain solaro images et vid\u00e9o une fable musicale pour fl\u00fbtes, voix, animaux Les supports de ce concert in\u00e9dit sont choisis parmi des fables anciennes ou modernes, issues des quatre coins du monde, \u00e9voquant l\u2019\u00e9tranget\u00e9 et la beaut\u00e9 du monde animal,v\u00e9g\u00e9tal et min\u00e9ral, qu\u2019il soit r\u00e9el [&hellip;]","og_url":"https:\/\/lamachinerie.fr\/site\/?page_id=155","og_site_name":"collectif la machinerie - fabrications sc\u00e9niques et musicales","og_image":[{"url":"https:\/\/lamachinerie.fr\/site\/wp-content\/uploads\/2025\/04\/MG_8960-copie-4-1024x683.jpg"}],"twitter_card":"summary_large_image","twitter_misc":{"Dur\u00e9e de lecture estim\u00e9e":"1 minute"},"schema":{"@context":"https:\/\/schema.org","@graph":[{"@type":"Organization","@id":"https:\/\/lamachinerie.fr\/site\/#organization","name":"COLLECTIF LA MACHINERIE","url":"https:\/\/lamachinerie.fr\/site\/","sameAs":[],"logo":{"@type":"ImageObject","@id":"https:\/\/lamachinerie.fr\/site\/#logo","inLanguage":"fr-FR","url":"https:\/\/lamachinerie.fr\/site\/wp-content\/uploads\/2026\/02\/logo_72.jpg","contentUrl":"https:\/\/lamachinerie.fr\/site\/wp-content\/uploads\/2026\/02\/logo_72.jpg","width":800,"height":474,"caption":"COLLECTIF LA MACHINERIE"},"image":{"@id":"https:\/\/lamachinerie.fr\/site\/#logo"}},{"@type":"WebSite","@id":"https:\/\/lamachinerie.fr\/site\/#website","url":"https:\/\/lamachinerie.fr\/site\/","name":"collectif la machinerie - fabrications sc\u00e9niques et musicales","description":"fabrications sc\u00e9niques et musicales","publisher":{"@id":"https:\/\/lamachinerie.fr\/site\/#organization"},"potentialAction":[{"@type":"SearchAction","target":{"@type":"EntryPoint","urlTemplate":"https:\/\/lamachinerie.fr\/site\/?s={search_term_string}"},"query-input":"required name=search_term_string"}],"inLanguage":"fr-FR"},{"@type":"ImageObject","@id":"https:\/\/lamachinerie.fr\/site\/?page_id=155#primaryimage","inLanguage":"fr-FR","url":"https:\/\/lamachinerie.fr\/site\/wp-content\/uploads\/2025\/04\/MG_8960-copie-4.jpg","contentUrl":"https:\/\/lamachinerie.fr\/site\/wp-content\/uploads\/2025\/04\/MG_8960-copie-4.jpg","width":1123,"height":749},{"@type":"WebPage","@id":"https:\/\/lamachinerie.fr\/site\/?page_id=155#webpage","url":"https:\/\/lamachinerie.fr\/site\/?page_id=155","name":"snark\/ - collectif la machinerie - fabrications sc\u00e9niques et musicales","isPartOf":{"@id":"https:\/\/lamachinerie.fr\/site\/#website"},"primaryImageOfPage":{"@id":"https:\/\/lamachinerie.fr\/site\/?page_id=155#primaryimage"},"datePublished":"2025-04-04T23:37:05+00:00","dateModified":"2025-04-04T23:37:05+00:00","breadcrumb":{"@id":"https:\/\/lamachinerie.fr\/site\/?page_id=155#breadcrumb"},"inLanguage":"fr-FR","potentialAction":[{"@type":"ReadAction","target":["https:\/\/lamachinerie.fr\/site\/?page_id=155"]}]},{"@type":"BreadcrumbList","@id":"https:\/\/lamachinerie.fr\/site\/?page_id=155#breadcrumb","itemListElement":[{"@type":"ListItem","position":1,"name":"Accueil","item":"https:\/\/lamachinerie.fr\/site"},{"@type":"ListItem","position":2,"name":"snark\/"}]}]}},"_links":{"self":[{"href":"https:\/\/lamachinerie.fr\/site\/index.php?rest_route=\/wp\/v2\/pages\/155"}],"collection":[{"href":"https:\/\/lamachinerie.fr\/site\/index.php?rest_route=\/wp\/v2\/pages"}],"about":[{"href":"https:\/\/lamachinerie.fr\/site\/index.php?rest_route=\/wp\/v2\/types\/page"}],"author":[{"embeddable":true,"href":"https:\/\/lamachinerie.fr\/site\/index.php?rest_route=\/wp\/v2\/users\/1"}],"replies":[{"embeddable":true,"href":"https:\/\/lamachinerie.fr\/site\/index.php?rest_route=%2Fwp%2Fv2%2Fcomments&post=155"}],"version-history":[{"count":2,"href":"https:\/\/lamachinerie.fr\/site\/index.php?rest_route=\/wp\/v2\/pages\/155\/revisions"}],"predecessor-version":[{"id":158,"href":"https:\/\/lamachinerie.fr\/site\/index.php?rest_route=\/wp\/v2\/pages\/155\/revisions\/158"}],"wp:attachment":[{"href":"https:\/\/lamachinerie.fr\/site\/index.php?rest_route=%2Fwp%2Fv2%2Fmedia&parent=155"}],"curies":[{"name":"wp","href":"https:\/\/api.w.org\/{rel}","templated":true}]}}