{"id":164,"date":"2025-04-10T17:26:40","date_gmt":"2025-04-10T15:26:40","guid":{"rendered":"https:\/\/lamachinerie.fr\/site\/?page_id=164"},"modified":"2025-04-10T20:33:23","modified_gmt":"2025-04-10T18:33:23","slug":"franzktrio","status":"publish","type":"page","link":"https:\/\/lamachinerie.fr\/site\/?page_id=164","title":{"rendered":"franzktrio"},"content":{"rendered":"\n<figure class=\"wp-block-image size-large\"><img loading=\"lazy\" decoding=\"async\" width=\"1024\" height=\"1024\" src=\"https:\/\/lamachinerie.fr\/site\/wp-content\/uploads\/2025\/04\/VISUEL_FKT-1024x1024.jpg\" alt=\"\" class=\"wp-image-165\" srcset=\"https:\/\/lamachinerie.fr\/site\/wp-content\/uploads\/2025\/04\/VISUEL_FKT-1024x1024.jpg 1024w, https:\/\/lamachinerie.fr\/site\/wp-content\/uploads\/2025\/04\/VISUEL_FKT-300x300.jpg 300w, https:\/\/lamachinerie.fr\/site\/wp-content\/uploads\/2025\/04\/VISUEL_FKT-150x150.jpg 150w, https:\/\/lamachinerie.fr\/site\/wp-content\/uploads\/2025\/04\/VISUEL_FKT-768x768.jpg 768w, https:\/\/lamachinerie.fr\/site\/wp-content\/uploads\/2025\/04\/VISUEL_FKT.jpg 1181w\" sizes=\"(max-width: 1024px) 100vw, 1024px\" \/><\/figure>\n\n\n\n<p class=\"has-text-color has-link-color has-body-font-family wp-elements-206cc1f885a3123ae9bfedbf63bd4e4c\" style=\"color:#ea1313;font-style:normal;font-weight:100\"><strong>VOIX<\/strong> franca cuomo <strong>PIANO<\/strong> cyril trochu <strong>CONTREBASSE<\/strong> guillermo benavides <\/p>\n\n\n\n<p class=\"has-body-font-family\" style=\"font-size:14px;font-style:normal;font-weight:100\">Initi\u00e9 en 2005 par Fran\u00e7oise Franca Cuomo, le <strong>FKT<\/strong> a cr\u00e9\u00e9 une musique d\u2019histoire(s), enracin\u00e9e dans nos r\u00e9alit\u00e9s, un univers musical ouvert, aux sources d\u2019inspirations totalement lib\u00e9r\u00e9es. Les cr\u00e9ations musicales du Franzktrio prennent toute leur force dans l\u2019\u00e9nergie du concert, territoire absolu de libert\u00e9.<br><strong>Album Silex<\/strong> en 2005 salu\u00e9 par de nombreuses critiques. <a href=\"http:\/\/www.franzktrio.fr\" target=\"_blank\" rel=\"noreferrer noopener\"><\/a><br><strong>Collaboration avec le compositeur Michel Decoust<\/strong> : enregistrement du triptyque Silex sur des textes de Bruno Edmond :<a href=\"http:\/\/michel-decoust.net\/fr\/musique.html\" target=\"_blank\" rel=\"noreferrer noopener\"> <\/a><br><a href=\"http:\/\/michel-decoust.net\/fr\/musique.html\" target=\"_blank\" rel=\"noreferrer noopener\">http:\/\/michel-decoust.net\/fr\/musique.html<\/a><br><br>Enregistrement live de <strong>Terres de Blues <\/strong>au Comptoir (94) en mars 2011,<br>par et pour les <strong>Disques Futura et Marge<\/strong>, et son producteur <strong>G\u00e9rard Terron\u00e8s.<\/strong> <strong>.<\/strong><\/p>\n\n\n\n<figure class=\"wp-block-embed is-type-video is-provider-youtube wp-block-embed-youtube wp-embed-aspect-16-9 wp-has-aspect-ratio\"><div class=\"wp-block-embed__wrapper\">\n<iframe loading=\"lazy\" title=\"TERRES DE BLUES \/ FRANZKTRIO\" width=\"500\" height=\"281\" src=\"https:\/\/www.youtube.com\/embed\/d5DC4lDCHKU?feature=oembed\" frameborder=\"0\" allow=\"accelerometer; autoplay; clipboard-write; encrypted-media; gyroscope; picture-in-picture; web-share\" referrerpolicy=\"strict-origin-when-cross-origin\" allowfullscreen><\/iframe>\n<\/div><figcaption class=\"wp-element-caption\">R\u00e9p\u00e9titions au Comptoir, Fontenay-sous-Bois avant l&rsquo;enregistrement live de Terres de Blues, interview du producteur et directeur du label Futura et Marge G\u00e9rard Terron\u00e8s. Documentaire : Adrien Dumont. <\/figcaption><\/figure>\n\n\n\n<p><\/p>\n\n\n\n<div class=\"wp-block-buttons has-body-font-family is-vertical is-content-justification-right is-layout-flex wp-container-core-buttons-is-layout-1 wp-block-buttons-is-layout-flex\" style=\"font-style:normal;font-weight:200\">\n<div class=\"wp-block-button has-custom-width wp-block-button__width-25 has-custom-font-size is-style-outline has-body-font-family\" style=\"font-size:13px\"><a class=\"wp-block-button__link has-custom-couleur-1-color has-base-2-background-color has-text-color has-background has-link-color has-text-align-left wp-element-button\" style=\"border-width:1px;border-radius:11px\">FRANZKTRIO <br>voir et entendre<\/a><\/div>\n\n\n\n<div class=\"wp-block-button has-custom-width wp-block-button__width-25 has-custom-font-size is-style-outline has-body-font-family\" style=\"font-size:13px\"><a class=\"wp-block-button__link has-custom-couleur-1-color has-base-2-background-color has-text-color has-background has-link-color has-text-align-left wp-element-button\" href=\"https:\/\/lamachinerie.fr\/site\/?page_id=202\" style=\"border-width:1px;border-radius:11px\">FRANZKTRIO presse<\/a><\/div>\n<\/div>\n","protected":false},"excerpt":{"rendered":"<p>VOIX franca cuomo PIANO cyril trochu CONTREBASSE guillermo benavides Initi\u00e9 en 2005 par Fran\u00e7oise Franca Cuomo, le FKT a cr\u00e9\u00e9 une musique d\u2019histoire(s), enracin\u00e9e dans nos r\u00e9alit\u00e9s, un univers musical ouvert, aux sources d\u2019inspirations totalement lib\u00e9r\u00e9es. Les cr\u00e9ations musicales du Franzktrio prennent toute leur force dans l\u2019\u00e9nergie du concert, territoire absolu de libert\u00e9.Album Silex en [&hellip;]<\/p>\n","protected":false},"author":1,"featured_media":0,"parent":0,"menu_order":0,"comment_status":"closed","ping_status":"closed","template":"","meta":{"footnotes":""},"yoast_head":"<!-- This site is optimized with the Yoast SEO plugin v18.0 - https:\/\/yoast.com\/wordpress\/plugins\/seo\/ -->\n<meta name=\"robots\" content=\"index, follow, max-snippet:-1, max-image-preview:large, max-video-preview:-1\" \/>\n<link rel=\"canonical\" href=\"https:\/\/lamachinerie.fr\/site\/?page_id=164\" \/>\n<meta property=\"og:locale\" content=\"fr_FR\" \/>\n<meta property=\"og:type\" content=\"article\" \/>\n<meta property=\"og:title\" content=\"franzktrio - collectif la machinerie - fabrications sc\u00e9niques et musicales\" \/>\n<meta property=\"og:description\" content=\"VOIX franca cuomo PIANO cyril trochu CONTREBASSE guillermo benavides Initi\u00e9 en 2005 par Fran\u00e7oise Franca Cuomo, le FKT a cr\u00e9\u00e9 une musique d\u2019histoire(s), enracin\u00e9e dans nos r\u00e9alit\u00e9s, un univers musical ouvert, aux sources d\u2019inspirations totalement lib\u00e9r\u00e9es. Les cr\u00e9ations musicales du Franzktrio prennent toute leur force dans l\u2019\u00e9nergie du concert, territoire absolu de libert\u00e9.Album Silex en [&hellip;]\" \/>\n<meta property=\"og:url\" content=\"https:\/\/lamachinerie.fr\/site\/?page_id=164\" \/>\n<meta property=\"og:site_name\" content=\"collectif la machinerie - fabrications sc\u00e9niques et musicales\" \/>\n<meta property=\"article:modified_time\" content=\"2025-04-10T18:33:23+00:00\" \/>\n<meta property=\"og:image\" content=\"https:\/\/lamachinerie.fr\/site\/wp-content\/uploads\/2025\/04\/VISUEL_FKT-1024x1024.jpg\" \/>\n<meta name=\"twitter:card\" content=\"summary_large_image\" \/>\n<meta name=\"twitter:label1\" content=\"Dur\u00e9e de lecture estim\u00e9e\" \/>\n\t<meta name=\"twitter:data1\" content=\"1 minute\" \/>\n<script type=\"application\/ld+json\" class=\"yoast-schema-graph\">{\"@context\":\"https:\/\/schema.org\",\"@graph\":[{\"@type\":\"Organization\",\"@id\":\"https:\/\/lamachinerie.fr\/site\/#organization\",\"name\":\"COLLECTIF LA MACHINERIE\",\"url\":\"https:\/\/lamachinerie.fr\/site\/\",\"sameAs\":[],\"logo\":{\"@type\":\"ImageObject\",\"@id\":\"https:\/\/lamachinerie.fr\/site\/#logo\",\"inLanguage\":\"fr-FR\",\"url\":\"https:\/\/lamachinerie.fr\/site\/wp-content\/uploads\/2026\/02\/logo_72.jpg\",\"contentUrl\":\"https:\/\/lamachinerie.fr\/site\/wp-content\/uploads\/2026\/02\/logo_72.jpg\",\"width\":800,\"height\":474,\"caption\":\"COLLECTIF LA MACHINERIE\"},\"image\":{\"@id\":\"https:\/\/lamachinerie.fr\/site\/#logo\"}},{\"@type\":\"WebSite\",\"@id\":\"https:\/\/lamachinerie.fr\/site\/#website\",\"url\":\"https:\/\/lamachinerie.fr\/site\/\",\"name\":\"collectif la machinerie - fabrications sc\u00e9niques et musicales\",\"description\":\"fabrications sc\u00e9niques et musicales\",\"publisher\":{\"@id\":\"https:\/\/lamachinerie.fr\/site\/#organization\"},\"potentialAction\":[{\"@type\":\"SearchAction\",\"target\":{\"@type\":\"EntryPoint\",\"urlTemplate\":\"https:\/\/lamachinerie.fr\/site\/?s={search_term_string}\"},\"query-input\":\"required name=search_term_string\"}],\"inLanguage\":\"fr-FR\"},{\"@type\":\"ImageObject\",\"@id\":\"https:\/\/lamachinerie.fr\/site\/?page_id=164#primaryimage\",\"inLanguage\":\"fr-FR\",\"url\":\"https:\/\/lamachinerie.fr\/site\/wp-content\/uploads\/2025\/04\/VISUEL_FKT.jpg\",\"contentUrl\":\"https:\/\/lamachinerie.fr\/site\/wp-content\/uploads\/2025\/04\/VISUEL_FKT.jpg\",\"width\":1181,\"height\":1181},{\"@type\":\"WebPage\",\"@id\":\"https:\/\/lamachinerie.fr\/site\/?page_id=164#webpage\",\"url\":\"https:\/\/lamachinerie.fr\/site\/?page_id=164\",\"name\":\"franzktrio - collectif la machinerie - fabrications sc\u00e9niques et musicales\",\"isPartOf\":{\"@id\":\"https:\/\/lamachinerie.fr\/site\/#website\"},\"primaryImageOfPage\":{\"@id\":\"https:\/\/lamachinerie.fr\/site\/?page_id=164#primaryimage\"},\"datePublished\":\"2025-04-10T15:26:40+00:00\",\"dateModified\":\"2025-04-10T18:33:23+00:00\",\"breadcrumb\":{\"@id\":\"https:\/\/lamachinerie.fr\/site\/?page_id=164#breadcrumb\"},\"inLanguage\":\"fr-FR\",\"potentialAction\":[{\"@type\":\"ReadAction\",\"target\":[\"https:\/\/lamachinerie.fr\/site\/?page_id=164\"]}]},{\"@type\":\"BreadcrumbList\",\"@id\":\"https:\/\/lamachinerie.fr\/site\/?page_id=164#breadcrumb\",\"itemListElement\":[{\"@type\":\"ListItem\",\"position\":1,\"name\":\"Accueil\",\"item\":\"https:\/\/lamachinerie.fr\/site\"},{\"@type\":\"ListItem\",\"position\":2,\"name\":\"franzktrio\"}]}]}<\/script>\n<!-- \/ Yoast SEO plugin. -->","yoast_head_json":{"robots":{"index":"index","follow":"follow","max-snippet":"max-snippet:-1","max-image-preview":"max-image-preview:large","max-video-preview":"max-video-preview:-1"},"canonical":"https:\/\/lamachinerie.fr\/site\/?page_id=164","og_locale":"fr_FR","og_type":"article","og_title":"franzktrio - collectif la machinerie - fabrications sc\u00e9niques et musicales","og_description":"VOIX franca cuomo PIANO cyril trochu CONTREBASSE guillermo benavides Initi\u00e9 en 2005 par Fran\u00e7oise Franca Cuomo, le FKT a cr\u00e9\u00e9 une musique d\u2019histoire(s), enracin\u00e9e dans nos r\u00e9alit\u00e9s, un univers musical ouvert, aux sources d\u2019inspirations totalement lib\u00e9r\u00e9es. Les cr\u00e9ations musicales du Franzktrio prennent toute leur force dans l\u2019\u00e9nergie du concert, territoire absolu de libert\u00e9.Album Silex en [&hellip;]","og_url":"https:\/\/lamachinerie.fr\/site\/?page_id=164","og_site_name":"collectif la machinerie - fabrications sc\u00e9niques et musicales","article_modified_time":"2025-04-10T18:33:23+00:00","og_image":[{"url":"https:\/\/lamachinerie.fr\/site\/wp-content\/uploads\/2025\/04\/VISUEL_FKT-1024x1024.jpg"}],"twitter_card":"summary_large_image","twitter_misc":{"Dur\u00e9e de lecture estim\u00e9e":"1 minute"},"schema":{"@context":"https:\/\/schema.org","@graph":[{"@type":"Organization","@id":"https:\/\/lamachinerie.fr\/site\/#organization","name":"COLLECTIF LA MACHINERIE","url":"https:\/\/lamachinerie.fr\/site\/","sameAs":[],"logo":{"@type":"ImageObject","@id":"https:\/\/lamachinerie.fr\/site\/#logo","inLanguage":"fr-FR","url":"https:\/\/lamachinerie.fr\/site\/wp-content\/uploads\/2026\/02\/logo_72.jpg","contentUrl":"https:\/\/lamachinerie.fr\/site\/wp-content\/uploads\/2026\/02\/logo_72.jpg","width":800,"height":474,"caption":"COLLECTIF LA MACHINERIE"},"image":{"@id":"https:\/\/lamachinerie.fr\/site\/#logo"}},{"@type":"WebSite","@id":"https:\/\/lamachinerie.fr\/site\/#website","url":"https:\/\/lamachinerie.fr\/site\/","name":"collectif la machinerie - fabrications sc\u00e9niques et musicales","description":"fabrications sc\u00e9niques et musicales","publisher":{"@id":"https:\/\/lamachinerie.fr\/site\/#organization"},"potentialAction":[{"@type":"SearchAction","target":{"@type":"EntryPoint","urlTemplate":"https:\/\/lamachinerie.fr\/site\/?s={search_term_string}"},"query-input":"required name=search_term_string"}],"inLanguage":"fr-FR"},{"@type":"ImageObject","@id":"https:\/\/lamachinerie.fr\/site\/?page_id=164#primaryimage","inLanguage":"fr-FR","url":"https:\/\/lamachinerie.fr\/site\/wp-content\/uploads\/2025\/04\/VISUEL_FKT.jpg","contentUrl":"https:\/\/lamachinerie.fr\/site\/wp-content\/uploads\/2025\/04\/VISUEL_FKT.jpg","width":1181,"height":1181},{"@type":"WebPage","@id":"https:\/\/lamachinerie.fr\/site\/?page_id=164#webpage","url":"https:\/\/lamachinerie.fr\/site\/?page_id=164","name":"franzktrio - collectif la machinerie - fabrications sc\u00e9niques et musicales","isPartOf":{"@id":"https:\/\/lamachinerie.fr\/site\/#website"},"primaryImageOfPage":{"@id":"https:\/\/lamachinerie.fr\/site\/?page_id=164#primaryimage"},"datePublished":"2025-04-10T15:26:40+00:00","dateModified":"2025-04-10T18:33:23+00:00","breadcrumb":{"@id":"https:\/\/lamachinerie.fr\/site\/?page_id=164#breadcrumb"},"inLanguage":"fr-FR","potentialAction":[{"@type":"ReadAction","target":["https:\/\/lamachinerie.fr\/site\/?page_id=164"]}]},{"@type":"BreadcrumbList","@id":"https:\/\/lamachinerie.fr\/site\/?page_id=164#breadcrumb","itemListElement":[{"@type":"ListItem","position":1,"name":"Accueil","item":"https:\/\/lamachinerie.fr\/site"},{"@type":"ListItem","position":2,"name":"franzktrio"}]}]}},"_links":{"self":[{"href":"https:\/\/lamachinerie.fr\/site\/index.php?rest_route=\/wp\/v2\/pages\/164"}],"collection":[{"href":"https:\/\/lamachinerie.fr\/site\/index.php?rest_route=\/wp\/v2\/pages"}],"about":[{"href":"https:\/\/lamachinerie.fr\/site\/index.php?rest_route=\/wp\/v2\/types\/page"}],"author":[{"embeddable":true,"href":"https:\/\/lamachinerie.fr\/site\/index.php?rest_route=\/wp\/v2\/users\/1"}],"replies":[{"embeddable":true,"href":"https:\/\/lamachinerie.fr\/site\/index.php?rest_route=%2Fwp%2Fv2%2Fcomments&post=164"}],"version-history":[{"count":9,"href":"https:\/\/lamachinerie.fr\/site\/index.php?rest_route=\/wp\/v2\/pages\/164\/revisions"}],"predecessor-version":[{"id":210,"href":"https:\/\/lamachinerie.fr\/site\/index.php?rest_route=\/wp\/v2\/pages\/164\/revisions\/210"}],"wp:attachment":[{"href":"https:\/\/lamachinerie.fr\/site\/index.php?rest_route=%2Fwp%2Fv2%2Fmedia&parent=164"}],"curies":[{"name":"wp","href":"https:\/\/api.w.org\/{rel}","templated":true}]}}