{"id":177,"date":"2025-04-10T18:01:20","date_gmt":"2025-04-10T16:01:20","guid":{"rendered":"https:\/\/lamachinerie.fr\/site\/?page_id=177"},"modified":"2025-04-14T23:52:55","modified_gmt":"2025-04-14T21:52:55","slug":"kabarets-kasses-1-2","status":"publish","type":"page","link":"https:\/\/lamachinerie.fr\/site\/?page_id=177","title":{"rendered":"kabarets kass\u00e9s 1 + 2"},"content":{"rendered":"\n<h5 class=\"wp-block-heading\">\u00ab\u00a0Et la sorci\u00e8re&nbsp;?<br>\u2013 Quelle sorci\u00e8re&nbsp;?<br>\u2013 La sorci\u00e8re qu\u2019est dans la cuisine\u2026<br>\u2013 Elle mange, mon p\u2019tit\u2026 \u00e0 la m\u00eame table que toi.&nbsp; Hop l\u00e0&nbsp;!\u00a0\u00bb<\/h5>\n\n\n\n<div class=\"wp-block-media-text is-stacked-on-mobile is-image-fill\" style=\"grid-template-columns:53% auto\"><figure class=\"wp-block-media-text__media\" style=\"background-image:url(https:\/\/lamachinerie.fr\/site\/wp-content\/uploads\/2025\/04\/Visuel_2016_webpf.jpg);background-position:50% 50%\"><img loading=\"lazy\" decoding=\"async\" width=\"432\" height=\"600\" src=\"https:\/\/lamachinerie.fr\/site\/wp-content\/uploads\/2025\/04\/Visuel_2016_webpf.jpg\" alt=\"\" class=\"wp-image-166 size-full\" srcset=\"https:\/\/lamachinerie.fr\/site\/wp-content\/uploads\/2025\/04\/Visuel_2016_webpf.jpg 432w, https:\/\/lamachinerie.fr\/site\/wp-content\/uploads\/2025\/04\/Visuel_2016_webpf-216x300.jpg 216w\" sizes=\"(max-width: 432px) 100vw, 432px\" \/><\/figure><div class=\"wp-block-media-text__content\">\n<p class=\"has-accent-3-color has-text-color has-link-color wp-elements-a0d6302d7d2ea5d331693f88550c82fb\">\u00e9quipe et distribution<\/p>\n\n\n\n<p style=\"font-size:13px\"><strong>livret<\/strong> Bruno Edmond &#8211; <strong>compositions<\/strong> Franca Cuomo<br>\u2028<strong>avec<\/strong><br>Markus Fisher, Angst (chant, jeu)<br>Franca Cuomo, Zorn (chant, jeu)<br>Christiane Bopp, Licht (trombone), Cyril Trochu, Welt (piano, accord\u00e9on),<br>et en alternance Nils Kassap ou Sylvain Kassap (clarinette)<br>\u2028<strong>collaboration musicale, compositions clarinette<\/strong> Sylvain Kassap<br><strong>lumi\u00e8res<\/strong> Charly Thicot<br><strong>photographies<\/strong> <strong>\/graphisme <\/strong><br>Sylvain Solaro<br><strong>dessin affiche<\/strong> Eric Dubuc<br><strong>production <\/strong>COLLECTIF lamachinerie<br><strong>structures partenaires<\/strong> :<br>Ch\u00e2teau de la Roche-Guyon, Val d\u2019Oise<br>\u2028Le Relais, Seine-Maritime\u2028<br>Le Comptoir, Fontenay-sous-Bois<br>Le Forum L\u00e9o Ferr\u00e9, Ivry-sur-Seine\u2028<br><strong>avec le soutien<\/strong> <strong>de<\/strong> l\u2019ARCAL, Paris<\/p>\n<\/div><\/div>\n\n\n\n<h4 class=\"wp-block-heading has-accent-3-color has-text-color has-link-color has-body-font-family wp-elements-d629b77ccf310b1a5e0208c3b3a2bc1c\" style=\"font-style:normal;font-weight:100\"><em>La sorci\u00e8re est dans la cuisine&nbsp;! 1914\/2016<\/em><\/h4>\n\n\n\n<figure class=\"wp-block-embed is-type-video is-provider-vimeo wp-block-embed-vimeo wp-embed-aspect-16-9 wp-has-aspect-ratio\"><div class=\"wp-block-embed__wrapper\">\n<iframe loading=\"lazy\" title=\"LES KABARETS KASS\u00c9S - Bande annonce\" src=\"https:\/\/player.vimeo.com\/video\/150332189?dnt=1&amp;app_id=122963\" width=\"500\" height=\"281\" frameborder=\"0\" allow=\"autoplay; fullscreen; picture-in-picture; clipboard-write; encrypted-media\"><\/iframe>\n<\/div><figcaption class=\"wp-element-caption\">video Sylvain Solaro <\/figcaption><\/figure>\n\n\n\n<p class=\"has-body-font-family\" style=\"font-size:14px;font-style:normal;font-weight:100\"><\/p>\n\n\n\n<p class=\"has-contrast-color has-text-color has-link-color has-body-font-family wp-elements-12de6a4883276269c2364b81795eb0ba\" style=\"font-size:14px;font-style:normal;font-weight:100\"><strong>2016.<br><\/strong>Nos protagonistes, Angst, Zorn et l\u2019orchestre des <strong>Kabarets Kass\u00e9s<\/strong> ouvrent les portes du \u00abcabaret des extr\u00eames\u00bb&nbsp;: un Kabaret iconoclaste, expressionniste, color\u00e9 et grin\u00e7ant qui parlera de la guerre de 14\/18, de la mont\u00e9e du nazisme et\u2026 d\u2019aujourd\u2019hui.<br>Une fresque en forme d\u2019apocalypse joyeuse, sur les langages de la barbarie, o\u00f9 voix,<br>instruments, musique, chansons et livret sonneront ensemble comme une cr\u00e9ation utopique-po\u00e9tique.<\/p>\n\n\n\n<div class=\"wp-block-buttons has-custom-font-size is-layout-flex wp-block-buttons-is-layout-flex\" style=\"font-size:13px\">\n<div class=\"wp-block-button is-style-outline has-body-font-family\" style=\"font-style:normal;font-weight:100\"><a class=\"wp-block-button__link has-custom-couleur-1-color has-text-color has-link-color wp-element-button\">en savoir plus&#8230;<\/a><\/div>\n<\/div>\n\n\n\n<div class=\"wp-block-buttons is-layout-flex wp-block-buttons-is-layout-flex\">\n<div class=\"wp-block-button has-custom-font-size is-style-outline has-body-font-family\" style=\"font-size:13px;font-style:normal;font-weight:100\"><a class=\"wp-block-button__link has-custom-couleur-1-color has-text-color has-link-color wp-element-button\" href=\"https:\/\/lamachinerie.fr\/site\/?page_id=328\" style=\"border-width:1px\">photos <\/a><\/div>\n<\/div>\n","protected":false},"excerpt":{"rendered":"<p>\u00ab\u00a0Et la sorci\u00e8re&nbsp;?\u2013 Quelle sorci\u00e8re&nbsp;?\u2013 La sorci\u00e8re qu\u2019est dans la cuisine\u2026\u2013 Elle mange, mon p\u2019tit\u2026 \u00e0 la m\u00eame table que toi.&nbsp; Hop l\u00e0&nbsp;!\u00a0\u00bb \u00e9quipe et distribution livret Bruno Edmond &#8211; compositions Franca Cuomo\u2028avecMarkus Fisher, Angst (chant, jeu)Franca Cuomo, Zorn (chant, jeu)Christiane Bopp, Licht (trombone), Cyril Trochu, Welt (piano, accord\u00e9on),et en alternance Nils Kassap ou Sylvain [&hellip;]<\/p>\n","protected":false},"author":1,"featured_media":0,"parent":0,"menu_order":0,"comment_status":"closed","ping_status":"closed","template":"","meta":{"footnotes":""},"yoast_head":"<!-- This site is optimized with the Yoast SEO plugin v18.0 - https:\/\/yoast.com\/wordpress\/plugins\/seo\/ -->\n<meta name=\"robots\" content=\"index, follow, max-snippet:-1, max-image-preview:large, max-video-preview:-1\" \/>\n<link rel=\"canonical\" href=\"https:\/\/lamachinerie.fr\/site\/?page_id=177\" \/>\n<meta property=\"og:locale\" content=\"fr_FR\" \/>\n<meta property=\"og:type\" content=\"article\" \/>\n<meta property=\"og:title\" content=\"kabarets kass\u00e9s 1 + 2 - collectif la machinerie - fabrications sc\u00e9niques et musicales\" \/>\n<meta property=\"og:description\" content=\"\u00ab\u00a0Et la sorci\u00e8re&nbsp;?\u2013 Quelle sorci\u00e8re&nbsp;?\u2013 La sorci\u00e8re qu\u2019est dans la cuisine\u2026\u2013 Elle mange, mon p\u2019tit\u2026 \u00e0 la m\u00eame table que toi.&nbsp; Hop l\u00e0&nbsp;!\u00a0\u00bb \u00e9quipe et distribution livret Bruno Edmond &#8211; compositions Franca Cuomo\u2028avecMarkus Fisher, Angst (chant, jeu)Franca Cuomo, Zorn (chant, jeu)Christiane Bopp, Licht (trombone), Cyril Trochu, Welt (piano, accord\u00e9on),et en alternance Nils Kassap ou Sylvain [&hellip;]\" \/>\n<meta property=\"og:url\" content=\"https:\/\/lamachinerie.fr\/site\/?page_id=177\" \/>\n<meta property=\"og:site_name\" content=\"collectif la machinerie - fabrications sc\u00e9niques et musicales\" \/>\n<meta property=\"article:modified_time\" content=\"2025-04-14T21:52:55+00:00\" \/>\n<meta property=\"og:image\" content=\"https:\/\/lamachinerie.fr\/site\/wp-content\/uploads\/2025\/04\/Visuel_2016_webpf.jpg\" \/>\n<meta name=\"twitter:card\" content=\"summary_large_image\" \/>\n<meta name=\"twitter:label1\" content=\"Dur\u00e9e de lecture estim\u00e9e\" \/>\n\t<meta name=\"twitter:data1\" content=\"1 minute\" \/>\n<script type=\"application\/ld+json\" class=\"yoast-schema-graph\">{\"@context\":\"https:\/\/schema.org\",\"@graph\":[{\"@type\":\"Organization\",\"@id\":\"https:\/\/lamachinerie.fr\/site\/#organization\",\"name\":\"COLLECTIF LA MACHINERIE\",\"url\":\"https:\/\/lamachinerie.fr\/site\/\",\"sameAs\":[],\"logo\":{\"@type\":\"ImageObject\",\"@id\":\"https:\/\/lamachinerie.fr\/site\/#logo\",\"inLanguage\":\"fr-FR\",\"url\":\"https:\/\/lamachinerie.fr\/site\/wp-content\/uploads\/2026\/02\/logo_72.jpg\",\"contentUrl\":\"https:\/\/lamachinerie.fr\/site\/wp-content\/uploads\/2026\/02\/logo_72.jpg\",\"width\":800,\"height\":474,\"caption\":\"COLLECTIF LA MACHINERIE\"},\"image\":{\"@id\":\"https:\/\/lamachinerie.fr\/site\/#logo\"}},{\"@type\":\"WebSite\",\"@id\":\"https:\/\/lamachinerie.fr\/site\/#website\",\"url\":\"https:\/\/lamachinerie.fr\/site\/\",\"name\":\"collectif la machinerie - fabrications sc\u00e9niques et musicales\",\"description\":\"fabrications sc\u00e9niques et musicales\",\"publisher\":{\"@id\":\"https:\/\/lamachinerie.fr\/site\/#organization\"},\"potentialAction\":[{\"@type\":\"SearchAction\",\"target\":{\"@type\":\"EntryPoint\",\"urlTemplate\":\"https:\/\/lamachinerie.fr\/site\/?s={search_term_string}\"},\"query-input\":\"required name=search_term_string\"}],\"inLanguage\":\"fr-FR\"},{\"@type\":\"ImageObject\",\"@id\":\"https:\/\/lamachinerie.fr\/site\/?page_id=177#primaryimage\",\"inLanguage\":\"fr-FR\",\"url\":\"https:\/\/lamachinerie.fr\/site\/wp-content\/uploads\/2025\/04\/Visuel_2016_webpf.jpg\",\"contentUrl\":\"https:\/\/lamachinerie.fr\/site\/wp-content\/uploads\/2025\/04\/Visuel_2016_webpf.jpg\",\"width\":432,\"height\":600},{\"@type\":\"WebPage\",\"@id\":\"https:\/\/lamachinerie.fr\/site\/?page_id=177#webpage\",\"url\":\"https:\/\/lamachinerie.fr\/site\/?page_id=177\",\"name\":\"kabarets kass\u00e9s 1 + 2 - collectif la machinerie - fabrications sc\u00e9niques et musicales\",\"isPartOf\":{\"@id\":\"https:\/\/lamachinerie.fr\/site\/#website\"},\"primaryImageOfPage\":{\"@id\":\"https:\/\/lamachinerie.fr\/site\/?page_id=177#primaryimage\"},\"datePublished\":\"2025-04-10T16:01:20+00:00\",\"dateModified\":\"2025-04-14T21:52:55+00:00\",\"breadcrumb\":{\"@id\":\"https:\/\/lamachinerie.fr\/site\/?page_id=177#breadcrumb\"},\"inLanguage\":\"fr-FR\",\"potentialAction\":[{\"@type\":\"ReadAction\",\"target\":[\"https:\/\/lamachinerie.fr\/site\/?page_id=177\"]}]},{\"@type\":\"BreadcrumbList\",\"@id\":\"https:\/\/lamachinerie.fr\/site\/?page_id=177#breadcrumb\",\"itemListElement\":[{\"@type\":\"ListItem\",\"position\":1,\"name\":\"Accueil\",\"item\":\"https:\/\/lamachinerie.fr\/site\"},{\"@type\":\"ListItem\",\"position\":2,\"name\":\"kabarets kass\u00e9s 1 + 2\"}]}]}<\/script>\n<!-- \/ Yoast SEO plugin. -->","yoast_head_json":{"robots":{"index":"index","follow":"follow","max-snippet":"max-snippet:-1","max-image-preview":"max-image-preview:large","max-video-preview":"max-video-preview:-1"},"canonical":"https:\/\/lamachinerie.fr\/site\/?page_id=177","og_locale":"fr_FR","og_type":"article","og_title":"kabarets kass\u00e9s 1 + 2 - collectif la machinerie - fabrications sc\u00e9niques et musicales","og_description":"\u00ab\u00a0Et la sorci\u00e8re&nbsp;?\u2013 Quelle sorci\u00e8re&nbsp;?\u2013 La sorci\u00e8re qu\u2019est dans la cuisine\u2026\u2013 Elle mange, mon p\u2019tit\u2026 \u00e0 la m\u00eame table que toi.&nbsp; Hop l\u00e0&nbsp;!\u00a0\u00bb \u00e9quipe et distribution livret Bruno Edmond &#8211; compositions Franca Cuomo\u2028avecMarkus Fisher, Angst (chant, jeu)Franca Cuomo, Zorn (chant, jeu)Christiane Bopp, Licht (trombone), Cyril Trochu, Welt (piano, accord\u00e9on),et en alternance Nils Kassap ou Sylvain [&hellip;]","og_url":"https:\/\/lamachinerie.fr\/site\/?page_id=177","og_site_name":"collectif la machinerie - fabrications sc\u00e9niques et musicales","article_modified_time":"2025-04-14T21:52:55+00:00","og_image":[{"url":"https:\/\/lamachinerie.fr\/site\/wp-content\/uploads\/2025\/04\/Visuel_2016_webpf.jpg"}],"twitter_card":"summary_large_image","twitter_misc":{"Dur\u00e9e de lecture estim\u00e9e":"1 minute"},"schema":{"@context":"https:\/\/schema.org","@graph":[{"@type":"Organization","@id":"https:\/\/lamachinerie.fr\/site\/#organization","name":"COLLECTIF LA MACHINERIE","url":"https:\/\/lamachinerie.fr\/site\/","sameAs":[],"logo":{"@type":"ImageObject","@id":"https:\/\/lamachinerie.fr\/site\/#logo","inLanguage":"fr-FR","url":"https:\/\/lamachinerie.fr\/site\/wp-content\/uploads\/2026\/02\/logo_72.jpg","contentUrl":"https:\/\/lamachinerie.fr\/site\/wp-content\/uploads\/2026\/02\/logo_72.jpg","width":800,"height":474,"caption":"COLLECTIF LA MACHINERIE"},"image":{"@id":"https:\/\/lamachinerie.fr\/site\/#logo"}},{"@type":"WebSite","@id":"https:\/\/lamachinerie.fr\/site\/#website","url":"https:\/\/lamachinerie.fr\/site\/","name":"collectif la machinerie - fabrications sc\u00e9niques et musicales","description":"fabrications sc\u00e9niques et musicales","publisher":{"@id":"https:\/\/lamachinerie.fr\/site\/#organization"},"potentialAction":[{"@type":"SearchAction","target":{"@type":"EntryPoint","urlTemplate":"https:\/\/lamachinerie.fr\/site\/?s={search_term_string}"},"query-input":"required name=search_term_string"}],"inLanguage":"fr-FR"},{"@type":"ImageObject","@id":"https:\/\/lamachinerie.fr\/site\/?page_id=177#primaryimage","inLanguage":"fr-FR","url":"https:\/\/lamachinerie.fr\/site\/wp-content\/uploads\/2025\/04\/Visuel_2016_webpf.jpg","contentUrl":"https:\/\/lamachinerie.fr\/site\/wp-content\/uploads\/2025\/04\/Visuel_2016_webpf.jpg","width":432,"height":600},{"@type":"WebPage","@id":"https:\/\/lamachinerie.fr\/site\/?page_id=177#webpage","url":"https:\/\/lamachinerie.fr\/site\/?page_id=177","name":"kabarets kass\u00e9s 1 + 2 - collectif la machinerie - fabrications sc\u00e9niques et musicales","isPartOf":{"@id":"https:\/\/lamachinerie.fr\/site\/#website"},"primaryImageOfPage":{"@id":"https:\/\/lamachinerie.fr\/site\/?page_id=177#primaryimage"},"datePublished":"2025-04-10T16:01:20+00:00","dateModified":"2025-04-14T21:52:55+00:00","breadcrumb":{"@id":"https:\/\/lamachinerie.fr\/site\/?page_id=177#breadcrumb"},"inLanguage":"fr-FR","potentialAction":[{"@type":"ReadAction","target":["https:\/\/lamachinerie.fr\/site\/?page_id=177"]}]},{"@type":"BreadcrumbList","@id":"https:\/\/lamachinerie.fr\/site\/?page_id=177#breadcrumb","itemListElement":[{"@type":"ListItem","position":1,"name":"Accueil","item":"https:\/\/lamachinerie.fr\/site"},{"@type":"ListItem","position":2,"name":"kabarets kass\u00e9s 1 + 2"}]}]}},"_links":{"self":[{"href":"https:\/\/lamachinerie.fr\/site\/index.php?rest_route=\/wp\/v2\/pages\/177"}],"collection":[{"href":"https:\/\/lamachinerie.fr\/site\/index.php?rest_route=\/wp\/v2\/pages"}],"about":[{"href":"https:\/\/lamachinerie.fr\/site\/index.php?rest_route=\/wp\/v2\/types\/page"}],"author":[{"embeddable":true,"href":"https:\/\/lamachinerie.fr\/site\/index.php?rest_route=\/wp\/v2\/users\/1"}],"replies":[{"embeddable":true,"href":"https:\/\/lamachinerie.fr\/site\/index.php?rest_route=%2Fwp%2Fv2%2Fcomments&post=177"}],"version-history":[{"count":11,"href":"https:\/\/lamachinerie.fr\/site\/index.php?rest_route=\/wp\/v2\/pages\/177\/revisions"}],"predecessor-version":[{"id":339,"href":"https:\/\/lamachinerie.fr\/site\/index.php?rest_route=\/wp\/v2\/pages\/177\/revisions\/339"}],"wp:attachment":[{"href":"https:\/\/lamachinerie.fr\/site\/index.php?rest_route=%2Fwp%2Fv2%2Fmedia&parent=177"}],"curies":[{"name":"wp","href":"https:\/\/api.w.org\/{rel}","templated":true}]}}