{"id":21,"date":"2025-03-06T16:21:36","date_gmt":"2025-03-06T15:21:36","guid":{"rendered":"https:\/\/lamachinerie.fr\/site\/?page_id=21"},"modified":"2026-02-09T14:26:15","modified_gmt":"2026-02-09T13:26:15","slug":"collaborations","status":"publish","type":"page","link":"https:\/\/lamachinerie.fr\/site\/?page_id=21","title":{"rendered":"collaborations"},"content":{"rendered":"\n<figure class=\"wp-block-image size-large is-resized\"><img loading=\"lazy\" decoding=\"async\" width=\"1024\" height=\"474\" src=\"https:\/\/lamachinerie.fr\/site\/wp-content\/uploads\/2025\/03\/Vintage-Wolf-Image-GraphicsFairy2-1024x474.png\" alt=\"\" class=\"wp-image-7\" style=\"width:197px;height:auto\" srcset=\"https:\/\/lamachinerie.fr\/site\/wp-content\/uploads\/2025\/03\/Vintage-Wolf-Image-GraphicsFairy2-1024x474.png 1024w, https:\/\/lamachinerie.fr\/site\/wp-content\/uploads\/2025\/03\/Vintage-Wolf-Image-GraphicsFairy2-300x139.png 300w, https:\/\/lamachinerie.fr\/site\/wp-content\/uploads\/2025\/03\/Vintage-Wolf-Image-GraphicsFairy2-768x356.png 768w, https:\/\/lamachinerie.fr\/site\/wp-content\/uploads\/2025\/03\/Vintage-Wolf-Image-GraphicsFairy2.png 1500w\" sizes=\"(max-width: 1024px) 100vw, 1024px\" \/><\/figure>\n\n\n\n<p style=\"font-size:14px;font-style:normal;font-weight:100\">Bruno Edmond, auteur, conception de projets<a href=\" http:\/\/leseditionsdupaquebot.com\/PAGES\/CATALOGUE\/Catalogue_Castorp\/Catalogue_Hans_Castorp.html\"> <\/a><br><a href=\" http:\/\/leseditionsdupaquebot.com\/PAGES\/CATALOGUE\/Catalogue_Castorp\/Catalogue_Hans_Castorp.html\">http:\/\/leseditionsdupaquebot.com\/PAGES\/CATALOGUE\/Catalogue_Castorp\/Catalogue_Hans_Castorp.html<\/a><br><a href=\"http:\/\/diabase.fr\/les_auteurs\/bruno-edmond\/\">http:\/\/diabase.fr\/les_auteurs\/bruno-edmond\/<\/a><br>Franca Cuomo, chanteuse, conception de projets sc\u00e9niques et musicaux <br><a href=\"https:\/\/www.franca-cuomo.com\/\">www.franca-cuomo.com<\/a><br>Sylvain Solaro, plasticien, photographe, vid\u00e9aste <a href=\"https:\/\/sylvainsolaro.fr\">sylvainsolaro.fr<\/a><br>Franck Lacroix, com\u00e9dien <br>Markus Fisher, com\u00e9dien <br>Chloe Jarsky-Decoust, com\u00e9dienne <a href=\"https:\/\/www.chloe-jarsky-decoust.com\/\">www.chloe-jarsky-decoust.com<\/a><br>Michel Edelin, fl\u00fbtiste, compositeur <a href=\"http:\/\/micheledelin.com\/\">micheledelin.com<\/a><br>Cyril Trochu pianiste<br>Guillermo Benavides, contrebassiste <br>Aurore Vohahangy Coriton, pianiste-musicienne <br>Christophe Martaud, com\u00e9dien<br>Jo\u00eblle Mezza, com\u00e9dienne<br>Christiane Bopp, trombone www.christianebopp.fr\/<br>Pierre-Jules Billon, percussionniste, poly-instrumentiste <a href=\"https:\/\/fr.wikipedia.org\/wiki\/Pierre-Jules_Billon\">wikipedia.org\/wiki\/Pierre-Jules_Billon<\/a><br>David Bros, accord\u00e9oniste <br>Val\u00e9rie Rabinovitch, vid\u00e9o, cr\u00e9ation d&rsquo;images <a href=\"https:\/\/vimeo.com\/user13083675\/videos\">https:\/\/vimeo.com\/user13083675\/videos<\/a> &#8211; <a href=\"https:\/\/daggobert.blogspot.com\/\">daggobert.blogspot.com<\/a><\/p>\n\n\n\n<p style=\"font-size:14px;font-style:normal;font-weight:100\"><strong>artistes invit\u00e9s&nbsp;:<\/strong><br>Michel Decoust (sur des po\u00e8mes de Bruno Edmond, Album <em>Silex <\/em>Franzktrio)<br><a href=\"https:\/\/www.michel-decoust.net\/\">www.michel-decoust.net<\/a><br><em>Collaboration musicale sur les Kabarets Kass\u00e9s<\/em>&nbsp;:&nbsp;<br>Sylvain Kassap, clarinettes &#8211; wikipedia.org\/wiki\/Sylvain_Kassap<br>Fran\u00e7ois Lemonnier, trombone &#8211; <a href=\"http:\/\/opus74-flaine.com\/francois-lemonnier\">opus74-flaine.com\/francois-lemonnier<\/a><br><br><em>Et les pr\u00e9cieuses collaborations de<\/em><br>Charly Thicot, Nicolas Barbieri, Jacques Coriton, \u00e9clairagistes<br>Claire Tatin, collaboration \u00e0 l&rsquo;administration<\/p>\n\n\n\n<p style=\"font-size:14px;font-style:normal;font-weight:100\"><em>Remerciements tr\u00e8s particuliers \u00e0<\/em> Ir\u00e8ne Jarsky, immense p\u00e9dagogue et grande voix contemporaine qui nous a patiemment accompagn\u00e9s de ses attentions, conseils, regards si pr\u00e9cieux lors de nos travaux. <br><a href=\"https:\/\/irene-jarsky.net\/chanteuse\/\">irene-jarsky.net\/chanteuse<\/a><\/p>\n\n\n\n<p style=\"font-size:14px;font-style:normal;font-weight:100\">Infinis remerciements \u00e0 la famille d&rsquo;Eric Dubuc, peintre et dessinateur au regard et \u00e0 l&rsquo;oeuvre uniques, oeuvre qui nous a toujours accompagn\u00e9s <br><strong>Eric Dubuc<\/strong> <a href=\"https:\/\/eric-dubuc.com\/\">eric-dubuc.com<\/a><\/p>\n","protected":false},"excerpt":{"rendered":"<p>Bruno Edmond, auteur, conception de projets http:\/\/leseditionsdupaquebot.com\/PAGES\/CATALOGUE\/Catalogue_Castorp\/Catalogue_Hans_Castorp.htmlhttp:\/\/diabase.fr\/les_auteurs\/bruno-edmond\/Franca Cuomo, chanteuse, conception de projets sc\u00e9niques et musicaux www.franca-cuomo.comSylvain Solaro, plasticien, photographe, vid\u00e9aste sylvainsolaro.frFranck Lacroix, com\u00e9dien Markus Fisher, com\u00e9dien Chloe Jarsky-Decoust, com\u00e9dienne www.chloe-jarsky-decoust.comMichel Edelin, fl\u00fbtiste, compositeur micheledelin.comCyril Trochu pianisteGuillermo Benavides, contrebassiste Aurore Vohahangy Coriton, pianiste-musicienne Christophe Martaud, com\u00e9dienJo\u00eblle Mezza, com\u00e9dienneChristiane Bopp, trombone www.christianebopp.fr\/Pierre-Jules Billon, percussionniste, poly-instrumentiste wikipedia.org\/wiki\/Pierre-Jules_BillonDavid Bros, [&hellip;]<\/p>\n","protected":false},"author":1,"featured_media":0,"parent":0,"menu_order":0,"comment_status":"closed","ping_status":"closed","template":"","meta":{"footnotes":""},"yoast_head":"<!-- This site is optimized with the Yoast SEO plugin v18.0 - https:\/\/yoast.com\/wordpress\/plugins\/seo\/ -->\n<meta name=\"robots\" content=\"index, follow, max-snippet:-1, max-image-preview:large, max-video-preview:-1\" \/>\n<link rel=\"canonical\" href=\"https:\/\/lamachinerie.fr\/site\/?page_id=21\" \/>\n<meta property=\"og:locale\" content=\"fr_FR\" \/>\n<meta property=\"og:type\" content=\"article\" \/>\n<meta property=\"og:title\" content=\"collaborations - collectif la machinerie - fabrications sc\u00e9niques et musicales\" \/>\n<meta property=\"og:description\" content=\"Bruno Edmond, auteur, conception de projets http:\/\/leseditionsdupaquebot.com\/PAGES\/CATALOGUE\/Catalogue_Castorp\/Catalogue_Hans_Castorp.htmlhttp:\/\/diabase.fr\/les_auteurs\/bruno-edmond\/Franca Cuomo, chanteuse, conception de projets sc\u00e9niques et musicaux www.franca-cuomo.comSylvain Solaro, plasticien, photographe, vid\u00e9aste sylvainsolaro.frFranck Lacroix, com\u00e9dien Markus Fisher, com\u00e9dien Chloe Jarsky-Decoust, com\u00e9dienne www.chloe-jarsky-decoust.comMichel Edelin, fl\u00fbtiste, compositeur micheledelin.comCyril Trochu pianisteGuillermo Benavides, contrebassiste Aurore Vohahangy Coriton, pianiste-musicienne Christophe Martaud, com\u00e9dienJo\u00eblle Mezza, com\u00e9dienneChristiane Bopp, trombone www.christianebopp.fr\/Pierre-Jules Billon, percussionniste, poly-instrumentiste wikipedia.org\/wiki\/Pierre-Jules_BillonDavid Bros, [&hellip;]\" \/>\n<meta property=\"og:url\" content=\"https:\/\/lamachinerie.fr\/site\/?page_id=21\" \/>\n<meta property=\"og:site_name\" content=\"collectif la machinerie - fabrications sc\u00e9niques et musicales\" \/>\n<meta property=\"article:modified_time\" content=\"2026-02-09T13:26:15+00:00\" \/>\n<meta property=\"og:image\" content=\"https:\/\/lamachinerie.fr\/site\/wp-content\/uploads\/2025\/03\/Vintage-Wolf-Image-GraphicsFairy2-1024x474.png\" \/>\n<meta name=\"twitter:card\" content=\"summary_large_image\" \/>\n<meta name=\"twitter:label1\" content=\"Dur\u00e9e de lecture estim\u00e9e\" \/>\n\t<meta name=\"twitter:data1\" content=\"1 minute\" \/>\n<script type=\"application\/ld+json\" class=\"yoast-schema-graph\">{\"@context\":\"https:\/\/schema.org\",\"@graph\":[{\"@type\":\"Organization\",\"@id\":\"https:\/\/lamachinerie.fr\/site\/#organization\",\"name\":\"COLLECTIF LA MACHINERIE\",\"url\":\"https:\/\/lamachinerie.fr\/site\/\",\"sameAs\":[],\"logo\":{\"@type\":\"ImageObject\",\"@id\":\"https:\/\/lamachinerie.fr\/site\/#logo\",\"inLanguage\":\"fr-FR\",\"url\":\"https:\/\/lamachinerie.fr\/site\/wp-content\/uploads\/2026\/02\/logo_72.jpg\",\"contentUrl\":\"https:\/\/lamachinerie.fr\/site\/wp-content\/uploads\/2026\/02\/logo_72.jpg\",\"width\":800,\"height\":474,\"caption\":\"COLLECTIF LA MACHINERIE\"},\"image\":{\"@id\":\"https:\/\/lamachinerie.fr\/site\/#logo\"}},{\"@type\":\"WebSite\",\"@id\":\"https:\/\/lamachinerie.fr\/site\/#website\",\"url\":\"https:\/\/lamachinerie.fr\/site\/\",\"name\":\"collectif la machinerie - fabrications sc\u00e9niques et musicales\",\"description\":\"fabrications sc\u00e9niques et musicales\",\"publisher\":{\"@id\":\"https:\/\/lamachinerie.fr\/site\/#organization\"},\"potentialAction\":[{\"@type\":\"SearchAction\",\"target\":{\"@type\":\"EntryPoint\",\"urlTemplate\":\"https:\/\/lamachinerie.fr\/site\/?s={search_term_string}\"},\"query-input\":\"required name=search_term_string\"}],\"inLanguage\":\"fr-FR\"},{\"@type\":\"ImageObject\",\"@id\":\"https:\/\/lamachinerie.fr\/site\/?page_id=21#primaryimage\",\"inLanguage\":\"fr-FR\",\"url\":\"https:\/\/lamachinerie.fr\/site\/wp-content\/uploads\/2025\/03\/Vintage-Wolf-Image-GraphicsFairy2.png\",\"contentUrl\":\"https:\/\/lamachinerie.fr\/site\/wp-content\/uploads\/2025\/03\/Vintage-Wolf-Image-GraphicsFairy2.png\",\"width\":1500,\"height\":695},{\"@type\":\"WebPage\",\"@id\":\"https:\/\/lamachinerie.fr\/site\/?page_id=21#webpage\",\"url\":\"https:\/\/lamachinerie.fr\/site\/?page_id=21\",\"name\":\"collaborations - collectif la machinerie - fabrications sc\u00e9niques et musicales\",\"isPartOf\":{\"@id\":\"https:\/\/lamachinerie.fr\/site\/#website\"},\"primaryImageOfPage\":{\"@id\":\"https:\/\/lamachinerie.fr\/site\/?page_id=21#primaryimage\"},\"datePublished\":\"2025-03-06T15:21:36+00:00\",\"dateModified\":\"2026-02-09T13:26:15+00:00\",\"breadcrumb\":{\"@id\":\"https:\/\/lamachinerie.fr\/site\/?page_id=21#breadcrumb\"},\"inLanguage\":\"fr-FR\",\"potentialAction\":[{\"@type\":\"ReadAction\",\"target\":[\"https:\/\/lamachinerie.fr\/site\/?page_id=21\"]}]},{\"@type\":\"BreadcrumbList\",\"@id\":\"https:\/\/lamachinerie.fr\/site\/?page_id=21#breadcrumb\",\"itemListElement\":[{\"@type\":\"ListItem\",\"position\":1,\"name\":\"Accueil\",\"item\":\"https:\/\/lamachinerie.fr\/site\"},{\"@type\":\"ListItem\",\"position\":2,\"name\":\"collaborations\"}]}]}<\/script>\n<!-- \/ Yoast SEO plugin. -->","yoast_head_json":{"robots":{"index":"index","follow":"follow","max-snippet":"max-snippet:-1","max-image-preview":"max-image-preview:large","max-video-preview":"max-video-preview:-1"},"canonical":"https:\/\/lamachinerie.fr\/site\/?page_id=21","og_locale":"fr_FR","og_type":"article","og_title":"collaborations - collectif la machinerie - fabrications sc\u00e9niques et musicales","og_description":"Bruno Edmond, auteur, conception de projets http:\/\/leseditionsdupaquebot.com\/PAGES\/CATALOGUE\/Catalogue_Castorp\/Catalogue_Hans_Castorp.htmlhttp:\/\/diabase.fr\/les_auteurs\/bruno-edmond\/Franca Cuomo, chanteuse, conception de projets sc\u00e9niques et musicaux www.franca-cuomo.comSylvain Solaro, plasticien, photographe, vid\u00e9aste sylvainsolaro.frFranck Lacroix, com\u00e9dien Markus Fisher, com\u00e9dien Chloe Jarsky-Decoust, com\u00e9dienne www.chloe-jarsky-decoust.comMichel Edelin, fl\u00fbtiste, compositeur micheledelin.comCyril Trochu pianisteGuillermo Benavides, contrebassiste Aurore Vohahangy Coriton, pianiste-musicienne Christophe Martaud, com\u00e9dienJo\u00eblle Mezza, com\u00e9dienneChristiane Bopp, trombone www.christianebopp.fr\/Pierre-Jules Billon, percussionniste, poly-instrumentiste wikipedia.org\/wiki\/Pierre-Jules_BillonDavid Bros, [&hellip;]","og_url":"https:\/\/lamachinerie.fr\/site\/?page_id=21","og_site_name":"collectif la machinerie - fabrications sc\u00e9niques et musicales","article_modified_time":"2026-02-09T13:26:15+00:00","og_image":[{"url":"https:\/\/lamachinerie.fr\/site\/wp-content\/uploads\/2025\/03\/Vintage-Wolf-Image-GraphicsFairy2-1024x474.png"}],"twitter_card":"summary_large_image","twitter_misc":{"Dur\u00e9e de lecture estim\u00e9e":"1 minute"},"schema":{"@context":"https:\/\/schema.org","@graph":[{"@type":"Organization","@id":"https:\/\/lamachinerie.fr\/site\/#organization","name":"COLLECTIF LA MACHINERIE","url":"https:\/\/lamachinerie.fr\/site\/","sameAs":[],"logo":{"@type":"ImageObject","@id":"https:\/\/lamachinerie.fr\/site\/#logo","inLanguage":"fr-FR","url":"https:\/\/lamachinerie.fr\/site\/wp-content\/uploads\/2026\/02\/logo_72.jpg","contentUrl":"https:\/\/lamachinerie.fr\/site\/wp-content\/uploads\/2026\/02\/logo_72.jpg","width":800,"height":474,"caption":"COLLECTIF LA MACHINERIE"},"image":{"@id":"https:\/\/lamachinerie.fr\/site\/#logo"}},{"@type":"WebSite","@id":"https:\/\/lamachinerie.fr\/site\/#website","url":"https:\/\/lamachinerie.fr\/site\/","name":"collectif la machinerie - fabrications sc\u00e9niques et musicales","description":"fabrications sc\u00e9niques et musicales","publisher":{"@id":"https:\/\/lamachinerie.fr\/site\/#organization"},"potentialAction":[{"@type":"SearchAction","target":{"@type":"EntryPoint","urlTemplate":"https:\/\/lamachinerie.fr\/site\/?s={search_term_string}"},"query-input":"required name=search_term_string"}],"inLanguage":"fr-FR"},{"@type":"ImageObject","@id":"https:\/\/lamachinerie.fr\/site\/?page_id=21#primaryimage","inLanguage":"fr-FR","url":"https:\/\/lamachinerie.fr\/site\/wp-content\/uploads\/2025\/03\/Vintage-Wolf-Image-GraphicsFairy2.png","contentUrl":"https:\/\/lamachinerie.fr\/site\/wp-content\/uploads\/2025\/03\/Vintage-Wolf-Image-GraphicsFairy2.png","width":1500,"height":695},{"@type":"WebPage","@id":"https:\/\/lamachinerie.fr\/site\/?page_id=21#webpage","url":"https:\/\/lamachinerie.fr\/site\/?page_id=21","name":"collaborations - collectif la machinerie - fabrications sc\u00e9niques et musicales","isPartOf":{"@id":"https:\/\/lamachinerie.fr\/site\/#website"},"primaryImageOfPage":{"@id":"https:\/\/lamachinerie.fr\/site\/?page_id=21#primaryimage"},"datePublished":"2025-03-06T15:21:36+00:00","dateModified":"2026-02-09T13:26:15+00:00","breadcrumb":{"@id":"https:\/\/lamachinerie.fr\/site\/?page_id=21#breadcrumb"},"inLanguage":"fr-FR","potentialAction":[{"@type":"ReadAction","target":["https:\/\/lamachinerie.fr\/site\/?page_id=21"]}]},{"@type":"BreadcrumbList","@id":"https:\/\/lamachinerie.fr\/site\/?page_id=21#breadcrumb","itemListElement":[{"@type":"ListItem","position":1,"name":"Accueil","item":"https:\/\/lamachinerie.fr\/site"},{"@type":"ListItem","position":2,"name":"collaborations"}]}]}},"_links":{"self":[{"href":"https:\/\/lamachinerie.fr\/site\/index.php?rest_route=\/wp\/v2\/pages\/21"}],"collection":[{"href":"https:\/\/lamachinerie.fr\/site\/index.php?rest_route=\/wp\/v2\/pages"}],"about":[{"href":"https:\/\/lamachinerie.fr\/site\/index.php?rest_route=\/wp\/v2\/types\/page"}],"author":[{"embeddable":true,"href":"https:\/\/lamachinerie.fr\/site\/index.php?rest_route=\/wp\/v2\/users\/1"}],"replies":[{"embeddable":true,"href":"https:\/\/lamachinerie.fr\/site\/index.php?rest_route=%2Fwp%2Fv2%2Fcomments&post=21"}],"version-history":[{"count":16,"href":"https:\/\/lamachinerie.fr\/site\/index.php?rest_route=\/wp\/v2\/pages\/21\/revisions"}],"predecessor-version":[{"id":392,"href":"https:\/\/lamachinerie.fr\/site\/index.php?rest_route=\/wp\/v2\/pages\/21\/revisions\/392"}],"wp:attachment":[{"href":"https:\/\/lamachinerie.fr\/site\/index.php?rest_route=%2Fwp%2Fv2%2Fmedia&parent=21"}],"curies":[{"name":"wp","href":"https:\/\/api.w.org\/{rel}","templated":true}]}}