{"id":220,"date":"2025-04-11T00:11:34","date_gmt":"2025-04-10T22:11:34","guid":{"rendered":"https:\/\/lamachinerie.fr\/site\/?page_id=220"},"modified":"2025-04-14T18:37:52","modified_gmt":"2025-04-14T16:37:52","slug":"cabaret-alice","status":"publish","type":"page","link":"https:\/\/lamachinerie.fr\/site\/?page_id=220","title":{"rendered":"cabaret alice"},"content":{"rendered":"\n<div class=\"wp-block-media-text is-stacked-on-mobile\"><figure class=\"wp-block-media-text__media\"><img loading=\"lazy\" decoding=\"async\" width=\"464\" height=\"656\" src=\"https:\/\/lamachinerie.fr\/site\/wp-content\/uploads\/2025\/04\/Visuel-Cabaret-Alice_web.jpg\" alt=\"\" class=\"wp-image-221 size-full\" srcset=\"https:\/\/lamachinerie.fr\/site\/wp-content\/uploads\/2025\/04\/Visuel-Cabaret-Alice_web.jpg 464w, https:\/\/lamachinerie.fr\/site\/wp-content\/uploads\/2025\/04\/Visuel-Cabaret-Alice_web-212x300.jpg 212w\" sizes=\"(max-width: 464px) 100vw, 464px\" \/><\/figure><div class=\"wp-block-media-text__content\">\n<p><\/p>\n\n\n\n<p><\/p>\n\n\n\n<p><\/p>\n\n\n\n<p class=\"has-body-font-family\" style=\"font-size:14px;font-style:italic;font-weight:200\">Et l\u00e0 est venue l\u2019\u00e9vidence : tout comme Lewis Carroll avait plac\u00e9 son h\u00e9ro\u00efne au coeur du langage, dans le th\u00e9\u00e2tre du livre ; il nous fallait placer notre Alice \u00e0 l\u2019int\u00e9rieur d\u2019un \u00ab th\u00e9\u00e2tre forain \u00bb, c\u2019est-\u00e0-dire au coeur du jeu \u00e0 l\u2019\u00e9tat pur, cet \u00e9ternel recommencement, cet \u00e9ternel<br>recommenc\u00e9. L\u00e0 o\u00f9 hier, tout s\u2019est jou\u00e9. L\u00e0 o\u00f9 aujourd\u2019hui tout se joue encore. L\u00e0 o\u00f9 demain, nous recommencerons.<\/p>\n\n\n\n<p class=\"has-text-color has-link-color has-body-font-family wp-elements-a4339b8f14fe1fa0ea1e3b43fde81f28\" style=\"color:#f56705;font-size:clamp(14px, 0.875rem + ((1vw - 3.2px) * 0.104), 15px);\"><strong><em>Spectacle r\u00e9solument tout public, <\/em><\/strong><br><strong><em>\u00e0<\/em><\/strong> <strong><em>consommer \u00e0 partir de 6 ans et&#8230;sans restriction d\u2019\u00e2ge.<\/em><\/strong><\/p>\n\n\n\n<div class=\"wp-block-buttons is-layout-flex wp-block-buttons-is-layout-flex\">\n<div class=\"wp-block-button is-style-outline has-body-font-family\" style=\"font-style:normal;font-weight:100\"><a class=\"wp-block-button__link has-custom-couleur-1-color has-text-color has-link-color wp-element-button\" style=\"border-width:1px\">En savoir plus&#8230;<\/a><\/div>\n\n\n\n<div class=\"wp-block-button is-style-outline has-body-font-family\" style=\"font-style:normal;font-weight:100\"><a class=\"wp-block-button__link has-custom-couleur-1-color has-text-color has-link-color wp-element-button\" href=\"https:\/\/lamachinerie.fr\/site\/?page_id=288\" style=\"border-width:1px\">photos <\/a><\/div>\n<\/div>\n<\/div><\/div>\n\n\n\n<div class=\"wp-block-columns is-layout-flex wp-container-core-columns-is-layout-2 wp-block-columns-is-layout-flex\">\n<div class=\"wp-block-column is-layout-flow wp-block-column-is-layout-flow\" style=\"flex-basis:100%\">\n<p class=\"has-body-font-family\" style=\"font-size:13px;font-style:normal;font-weight:100\"><\/p>\n\n\n\n<div class=\"wp-block-columns is-layout-flex wp-container-core-columns-is-layout-1 wp-block-columns-is-layout-flex\">\n<div class=\"wp-block-column is-layout-flow wp-block-column-is-layout-flow\" style=\"flex-basis:50%\">\n<figure class=\"wp-block-image size-large is-resized\"><img loading=\"lazy\" decoding=\"async\" width=\"683\" height=\"1024\" src=\"https:\/\/lamachinerie.fr\/site\/wp-content\/uploads\/2025\/04\/IMG_0210-683x1024.jpg\" alt=\"\" class=\"wp-image-234\" style=\"width:298px;height:auto\" srcset=\"https:\/\/lamachinerie.fr\/site\/wp-content\/uploads\/2025\/04\/IMG_0210-683x1024.jpg 683w, https:\/\/lamachinerie.fr\/site\/wp-content\/uploads\/2025\/04\/IMG_0210-200x300.jpg 200w, https:\/\/lamachinerie.fr\/site\/wp-content\/uploads\/2025\/04\/IMG_0210.jpg 756w\" sizes=\"(max-width: 683px) 100vw, 683px\" \/><\/figure>\n<\/div>\n\n\n\n<div class=\"wp-block-column is-layout-flow wp-block-column-is-layout-flow\" style=\"flex-basis:50%\">\n<p class=\"has-text-color has-link-color wp-elements-1f59e1b4905118d6a4ae8fcf0cb56a0e\" style=\"color:#f56705\">\u00e9quipe et distribution<\/p>\n\n\n\n<p class=\"has-body-font-family\" style=\"font-size:14px\"><strong>avec les musiciens-acteurs-chanteurs <\/strong>:<br>Aurore-Voahangy Coriton \/ Miss Dinah<br>Franca Cuomo \/ Alice<br>Franck Lacroix \/ Mr K.<br>Christophe Martaud \/ Mr L.<br>Cyril Trochu \/ Boujeum etc. <\/p>\n\n\n\n<p class=\"has-body-font-family\" style=\"font-size:14px\"><strong>adaptation et compositions originales<\/strong> :<br>Franca Cuomo<br><strong>musique de sc\u00e8ne <\/strong>(clavier, synth\u00e9tiseur,<br>accord\u00e9on, percussions et objets sonores)<br>Aurore-Voahangy Coriton et Cyril Trochu<\/p>\n\n\n\n<p class=\"has-body-font-family\" style=\"font-size:14px\"><strong>collaboration artistique<\/strong> Bruno Edmond<br><strong>d\u00e9cor et peintures de sc\u00e8ne<\/strong> Maud Soupa<br><strong>cr\u00e9ation lumi\u00e8re <\/strong>Nicolas Barbieri <strong>photographies<\/strong> Sylvain Solaro<br><strong>graphiste <\/strong>Caroline Vidal<br><\/p>\n<\/div>\n<\/div>\n<\/div>\n<\/div>\n\n\n\n<h1 class=\"wp-block-heading has-text-color has-link-color has-body-font-family wp-elements-40011a8d3cea4052f7ddf53890e85f30\" style=\"color:#f56705;font-size:clamp(14px, 0.875rem + ((1vw - 3.2px) * 0.208), 16px);font-style:normal;font-weight:500\"><\/h1>\n\n\n\n<figure class=\"wp-block-gallery has-nested-images columns-default is-cropped wp-block-gallery-1 is-layout-flex wp-block-gallery-is-layout-flex\">\n<figure class=\"wp-block-image size-large\"><img loading=\"lazy\" decoding=\"async\" width=\"683\" height=\"1024\" data-id=\"231\" src=\"https:\/\/lamachinerie.fr\/site\/wp-content\/uploads\/2025\/04\/IMG_0135-683x1024.jpg\" alt=\"\" class=\"wp-image-231\" srcset=\"https:\/\/lamachinerie.fr\/site\/wp-content\/uploads\/2025\/04\/IMG_0135-683x1024.jpg 683w, https:\/\/lamachinerie.fr\/site\/wp-content\/uploads\/2025\/04\/IMG_0135-200x300.jpg 200w, https:\/\/lamachinerie.fr\/site\/wp-content\/uploads\/2025\/04\/IMG_0135.jpg 756w\" sizes=\"(max-width: 683px) 100vw, 683px\" \/><\/figure>\n\n\n\n<figure class=\"wp-block-image size-medium\"><img loading=\"lazy\" decoding=\"async\" width=\"200\" height=\"300\" data-id=\"232\" src=\"https:\/\/lamachinerie.fr\/site\/wp-content\/uploads\/2025\/04\/IMG_1610-200x300.jpg\" alt=\"\" class=\"wp-image-232\" srcset=\"https:\/\/lamachinerie.fr\/site\/wp-content\/uploads\/2025\/04\/IMG_1610-200x300.jpg 200w, https:\/\/lamachinerie.fr\/site\/wp-content\/uploads\/2025\/04\/IMG_1610-683x1024.jpg 683w, https:\/\/lamachinerie.fr\/site\/wp-content\/uploads\/2025\/04\/IMG_1610-768x1152.jpg 768w, https:\/\/lamachinerie.fr\/site\/wp-content\/uploads\/2025\/04\/IMG_1610-1024x1536.jpg 1024w, https:\/\/lamachinerie.fr\/site\/wp-content\/uploads\/2025\/04\/IMG_1610.jpg 1134w\" sizes=\"(max-width: 200px) 100vw, 200px\" \/><\/figure>\n\n\n\n<figure class=\"wp-block-image size-large\"><img loading=\"lazy\" decoding=\"async\" width=\"683\" height=\"1024\" data-id=\"234\" src=\"https:\/\/lamachinerie.fr\/site\/wp-content\/uploads\/2025\/04\/IMG_0210-683x1024.jpg\" alt=\"\" class=\"wp-image-234\" srcset=\"https:\/\/lamachinerie.fr\/site\/wp-content\/uploads\/2025\/04\/IMG_0210-683x1024.jpg 683w, https:\/\/lamachinerie.fr\/site\/wp-content\/uploads\/2025\/04\/IMG_0210-200x300.jpg 200w, https:\/\/lamachinerie.fr\/site\/wp-content\/uploads\/2025\/04\/IMG_0210.jpg 756w\" sizes=\"(max-width: 683px) 100vw, 683px\" \/><\/figure>\n\n\n\n<figure class=\"wp-block-image size-full\"><img loading=\"lazy\" decoding=\"async\" width=\"1134\" height=\"756\" data-id=\"235\" src=\"https:\/\/lamachinerie.fr\/site\/wp-content\/uploads\/2025\/04\/IMG_0120.jpg\" alt=\"\" class=\"wp-image-235\" srcset=\"https:\/\/lamachinerie.fr\/site\/wp-content\/uploads\/2025\/04\/IMG_0120.jpg 1134w, https:\/\/lamachinerie.fr\/site\/wp-content\/uploads\/2025\/04\/IMG_0120-300x200.jpg 300w, https:\/\/lamachinerie.fr\/site\/wp-content\/uploads\/2025\/04\/IMG_0120-1024x683.jpg 1024w, https:\/\/lamachinerie.fr\/site\/wp-content\/uploads\/2025\/04\/IMG_0120-768x512.jpg 768w\" sizes=\"(max-width: 1134px) 100vw, 1134px\" \/><\/figure>\n<\/figure>\n","protected":false},"excerpt":{"rendered":"<p>\u00e9quipe et distribution avec les musiciens-acteurs-chanteurs :Aurore-Voahangy Coriton \/ Miss DinahFranca Cuomo \/ AliceFranck Lacroix \/ Mr K.Christophe Martaud \/ Mr L.Cyril Trochu \/ Boujeum etc. adaptation et compositions originales :Franca Cuomomusique de sc\u00e8ne (clavier, synth\u00e9tiseur,accord\u00e9on, percussions et objets sonores)Aurore-Voahangy Coriton et Cyril Trochu collaboration artistique Bruno Edmondd\u00e9cor et peintures de sc\u00e8ne Maud Soupacr\u00e9ation lumi\u00e8re [&hellip;]<\/p>\n","protected":false},"author":1,"featured_media":0,"parent":0,"menu_order":0,"comment_status":"closed","ping_status":"closed","template":"","meta":{"footnotes":""},"yoast_head":"<!-- This site is optimized with the Yoast SEO plugin v18.0 - https:\/\/yoast.com\/wordpress\/plugins\/seo\/ -->\n<meta name=\"robots\" content=\"index, follow, max-snippet:-1, max-image-preview:large, max-video-preview:-1\" \/>\n<link rel=\"canonical\" href=\"https:\/\/lamachinerie.fr\/site\/?page_id=220\" \/>\n<meta property=\"og:locale\" content=\"fr_FR\" \/>\n<meta property=\"og:type\" content=\"article\" \/>\n<meta property=\"og:title\" content=\"cabaret alice - collectif la machinerie - fabrications sc\u00e9niques et musicales\" \/>\n<meta property=\"og:description\" content=\"\u00e9quipe et distribution avec les musiciens-acteurs-chanteurs :Aurore-Voahangy Coriton \/ Miss DinahFranca Cuomo \/ AliceFranck Lacroix \/ Mr K.Christophe Martaud \/ Mr L.Cyril Trochu \/ Boujeum etc. adaptation et compositions originales :Franca Cuomomusique de sc\u00e8ne (clavier, synth\u00e9tiseur,accord\u00e9on, percussions et objets sonores)Aurore-Voahangy Coriton et Cyril Trochu collaboration artistique Bruno Edmondd\u00e9cor et peintures de sc\u00e8ne Maud Soupacr\u00e9ation lumi\u00e8re [&hellip;]\" \/>\n<meta property=\"og:url\" content=\"https:\/\/lamachinerie.fr\/site\/?page_id=220\" \/>\n<meta property=\"og:site_name\" content=\"collectif la machinerie - fabrications sc\u00e9niques et musicales\" \/>\n<meta property=\"article:modified_time\" content=\"2025-04-14T16:37:52+00:00\" \/>\n<meta property=\"og:image\" content=\"https:\/\/lamachinerie.fr\/site\/wp-content\/uploads\/2025\/04\/Visuel-Cabaret-Alice_web.jpg\" \/>\n<meta name=\"twitter:card\" content=\"summary_large_image\" \/>\n<meta name=\"twitter:label1\" content=\"Dur\u00e9e de lecture estim\u00e9e\" \/>\n\t<meta name=\"twitter:data1\" content=\"1 minute\" \/>\n<script type=\"application\/ld+json\" class=\"yoast-schema-graph\">{\"@context\":\"https:\/\/schema.org\",\"@graph\":[{\"@type\":\"Organization\",\"@id\":\"https:\/\/lamachinerie.fr\/site\/#organization\",\"name\":\"COLLECTIF LA MACHINERIE\",\"url\":\"https:\/\/lamachinerie.fr\/site\/\",\"sameAs\":[],\"logo\":{\"@type\":\"ImageObject\",\"@id\":\"https:\/\/lamachinerie.fr\/site\/#logo\",\"inLanguage\":\"fr-FR\",\"url\":\"https:\/\/lamachinerie.fr\/site\/wp-content\/uploads\/2026\/02\/logo_72.jpg\",\"contentUrl\":\"https:\/\/lamachinerie.fr\/site\/wp-content\/uploads\/2026\/02\/logo_72.jpg\",\"width\":800,\"height\":474,\"caption\":\"COLLECTIF LA MACHINERIE\"},\"image\":{\"@id\":\"https:\/\/lamachinerie.fr\/site\/#logo\"}},{\"@type\":\"WebSite\",\"@id\":\"https:\/\/lamachinerie.fr\/site\/#website\",\"url\":\"https:\/\/lamachinerie.fr\/site\/\",\"name\":\"collectif la machinerie - fabrications sc\u00e9niques et musicales\",\"description\":\"fabrications sc\u00e9niques et musicales\",\"publisher\":{\"@id\":\"https:\/\/lamachinerie.fr\/site\/#organization\"},\"potentialAction\":[{\"@type\":\"SearchAction\",\"target\":{\"@type\":\"EntryPoint\",\"urlTemplate\":\"https:\/\/lamachinerie.fr\/site\/?s={search_term_string}\"},\"query-input\":\"required name=search_term_string\"}],\"inLanguage\":\"fr-FR\"},{\"@type\":\"ImageObject\",\"@id\":\"https:\/\/lamachinerie.fr\/site\/?page_id=220#primaryimage\",\"inLanguage\":\"fr-FR\",\"url\":\"https:\/\/lamachinerie.fr\/site\/wp-content\/uploads\/2025\/04\/Visuel-Cabaret-Alice_web.jpg\",\"contentUrl\":\"https:\/\/lamachinerie.fr\/site\/wp-content\/uploads\/2025\/04\/Visuel-Cabaret-Alice_web.jpg\",\"width\":464,\"height\":656},{\"@type\":\"WebPage\",\"@id\":\"https:\/\/lamachinerie.fr\/site\/?page_id=220#webpage\",\"url\":\"https:\/\/lamachinerie.fr\/site\/?page_id=220\",\"name\":\"cabaret alice - collectif la machinerie - fabrications sc\u00e9niques et musicales\",\"isPartOf\":{\"@id\":\"https:\/\/lamachinerie.fr\/site\/#website\"},\"primaryImageOfPage\":{\"@id\":\"https:\/\/lamachinerie.fr\/site\/?page_id=220#primaryimage\"},\"datePublished\":\"2025-04-10T22:11:34+00:00\",\"dateModified\":\"2025-04-14T16:37:52+00:00\",\"breadcrumb\":{\"@id\":\"https:\/\/lamachinerie.fr\/site\/?page_id=220#breadcrumb\"},\"inLanguage\":\"fr-FR\",\"potentialAction\":[{\"@type\":\"ReadAction\",\"target\":[\"https:\/\/lamachinerie.fr\/site\/?page_id=220\"]}]},{\"@type\":\"BreadcrumbList\",\"@id\":\"https:\/\/lamachinerie.fr\/site\/?page_id=220#breadcrumb\",\"itemListElement\":[{\"@type\":\"ListItem\",\"position\":1,\"name\":\"Accueil\",\"item\":\"https:\/\/lamachinerie.fr\/site\"},{\"@type\":\"ListItem\",\"position\":2,\"name\":\"cabaret alice\"}]}]}<\/script>\n<!-- \/ Yoast SEO plugin. -->","yoast_head_json":{"robots":{"index":"index","follow":"follow","max-snippet":"max-snippet:-1","max-image-preview":"max-image-preview:large","max-video-preview":"max-video-preview:-1"},"canonical":"https:\/\/lamachinerie.fr\/site\/?page_id=220","og_locale":"fr_FR","og_type":"article","og_title":"cabaret alice - collectif la machinerie - fabrications sc\u00e9niques et musicales","og_description":"\u00e9quipe et distribution avec les musiciens-acteurs-chanteurs :Aurore-Voahangy Coriton \/ Miss DinahFranca Cuomo \/ AliceFranck Lacroix \/ Mr K.Christophe Martaud \/ Mr L.Cyril Trochu \/ Boujeum etc. adaptation et compositions originales :Franca Cuomomusique de sc\u00e8ne (clavier, synth\u00e9tiseur,accord\u00e9on, percussions et objets sonores)Aurore-Voahangy Coriton et Cyril Trochu collaboration artistique Bruno Edmondd\u00e9cor et peintures de sc\u00e8ne Maud Soupacr\u00e9ation lumi\u00e8re [&hellip;]","og_url":"https:\/\/lamachinerie.fr\/site\/?page_id=220","og_site_name":"collectif la machinerie - fabrications sc\u00e9niques et musicales","article_modified_time":"2025-04-14T16:37:52+00:00","og_image":[{"url":"https:\/\/lamachinerie.fr\/site\/wp-content\/uploads\/2025\/04\/Visuel-Cabaret-Alice_web.jpg"}],"twitter_card":"summary_large_image","twitter_misc":{"Dur\u00e9e de lecture estim\u00e9e":"1 minute"},"schema":{"@context":"https:\/\/schema.org","@graph":[{"@type":"Organization","@id":"https:\/\/lamachinerie.fr\/site\/#organization","name":"COLLECTIF LA MACHINERIE","url":"https:\/\/lamachinerie.fr\/site\/","sameAs":[],"logo":{"@type":"ImageObject","@id":"https:\/\/lamachinerie.fr\/site\/#logo","inLanguage":"fr-FR","url":"https:\/\/lamachinerie.fr\/site\/wp-content\/uploads\/2026\/02\/logo_72.jpg","contentUrl":"https:\/\/lamachinerie.fr\/site\/wp-content\/uploads\/2026\/02\/logo_72.jpg","width":800,"height":474,"caption":"COLLECTIF LA MACHINERIE"},"image":{"@id":"https:\/\/lamachinerie.fr\/site\/#logo"}},{"@type":"WebSite","@id":"https:\/\/lamachinerie.fr\/site\/#website","url":"https:\/\/lamachinerie.fr\/site\/","name":"collectif la machinerie - fabrications sc\u00e9niques et musicales","description":"fabrications sc\u00e9niques et musicales","publisher":{"@id":"https:\/\/lamachinerie.fr\/site\/#organization"},"potentialAction":[{"@type":"SearchAction","target":{"@type":"EntryPoint","urlTemplate":"https:\/\/lamachinerie.fr\/site\/?s={search_term_string}"},"query-input":"required name=search_term_string"}],"inLanguage":"fr-FR"},{"@type":"ImageObject","@id":"https:\/\/lamachinerie.fr\/site\/?page_id=220#primaryimage","inLanguage":"fr-FR","url":"https:\/\/lamachinerie.fr\/site\/wp-content\/uploads\/2025\/04\/Visuel-Cabaret-Alice_web.jpg","contentUrl":"https:\/\/lamachinerie.fr\/site\/wp-content\/uploads\/2025\/04\/Visuel-Cabaret-Alice_web.jpg","width":464,"height":656},{"@type":"WebPage","@id":"https:\/\/lamachinerie.fr\/site\/?page_id=220#webpage","url":"https:\/\/lamachinerie.fr\/site\/?page_id=220","name":"cabaret alice - collectif la machinerie - fabrications sc\u00e9niques et musicales","isPartOf":{"@id":"https:\/\/lamachinerie.fr\/site\/#website"},"primaryImageOfPage":{"@id":"https:\/\/lamachinerie.fr\/site\/?page_id=220#primaryimage"},"datePublished":"2025-04-10T22:11:34+00:00","dateModified":"2025-04-14T16:37:52+00:00","breadcrumb":{"@id":"https:\/\/lamachinerie.fr\/site\/?page_id=220#breadcrumb"},"inLanguage":"fr-FR","potentialAction":[{"@type":"ReadAction","target":["https:\/\/lamachinerie.fr\/site\/?page_id=220"]}]},{"@type":"BreadcrumbList","@id":"https:\/\/lamachinerie.fr\/site\/?page_id=220#breadcrumb","itemListElement":[{"@type":"ListItem","position":1,"name":"Accueil","item":"https:\/\/lamachinerie.fr\/site"},{"@type":"ListItem","position":2,"name":"cabaret alice"}]}]}},"_links":{"self":[{"href":"https:\/\/lamachinerie.fr\/site\/index.php?rest_route=\/wp\/v2\/pages\/220"}],"collection":[{"href":"https:\/\/lamachinerie.fr\/site\/index.php?rest_route=\/wp\/v2\/pages"}],"about":[{"href":"https:\/\/lamachinerie.fr\/site\/index.php?rest_route=\/wp\/v2\/types\/page"}],"author":[{"embeddable":true,"href":"https:\/\/lamachinerie.fr\/site\/index.php?rest_route=\/wp\/v2\/users\/1"}],"replies":[{"embeddable":true,"href":"https:\/\/lamachinerie.fr\/site\/index.php?rest_route=%2Fwp%2Fv2%2Fcomments&post=220"}],"version-history":[{"count":7,"href":"https:\/\/lamachinerie.fr\/site\/index.php?rest_route=\/wp\/v2\/pages\/220\/revisions"}],"predecessor-version":[{"id":290,"href":"https:\/\/lamachinerie.fr\/site\/index.php?rest_route=\/wp\/v2\/pages\/220\/revisions\/290"}],"wp:attachment":[{"href":"https:\/\/lamachinerie.fr\/site\/index.php?rest_route=%2Fwp%2Fv2%2Fmedia&parent=220"}],"curies":[{"name":"wp","href":"https:\/\/api.w.org\/{rel}","templated":true}]}}