{"id":26,"date":"2025-03-06T16:59:39","date_gmt":"2025-03-06T15:59:39","guid":{"rendered":"https:\/\/lamachinerie.fr\/site\/?page_id=26"},"modified":"2025-06-01T00:55:47","modified_gmt":"2025-05-31T22:55:47","slug":"actualites","status":"publish","type":"page","link":"https:\/\/lamachinerie.fr\/site\/?page_id=26","title":{"rendered":"actualit\u00e9s"},"content":{"rendered":"\n<hr class=\"wp-block-separator has-alpha-channel-opacity is-style-wide\"\/>\n\n\n\n<div class=\"wp-block-group is-nowrap is-layout-flex wp-container-core-group-is-layout-1 wp-block-group-is-layout-flex\">\n<figure class=\"wp-block-image size-large\"><img loading=\"lazy\" decoding=\"async\" width=\"1024\" height=\"576\" src=\"https:\/\/lamachinerie.fr\/site\/wp-content\/uploads\/2025\/06\/vignette3-1024x576.jpg\" alt=\"\" class=\"wp-image-376\" srcset=\"https:\/\/lamachinerie.fr\/site\/wp-content\/uploads\/2025\/06\/vignette3-1024x576.jpg 1024w, https:\/\/lamachinerie.fr\/site\/wp-content\/uploads\/2025\/06\/vignette3-300x169.jpg 300w, https:\/\/lamachinerie.fr\/site\/wp-content\/uploads\/2025\/06\/vignette3-768x432.jpg 768w, https:\/\/lamachinerie.fr\/site\/wp-content\/uploads\/2025\/06\/vignette3-1536x864.jpg 1536w, https:\/\/lamachinerie.fr\/site\/wp-content\/uploads\/2025\/06\/vignette3-2048x1152.jpg 2048w\" sizes=\"(max-width: 1024px) 100vw, 1024px\" \/><\/figure>\n<\/div>\n\n\n\n<h2 class=\"wp-block-heading has-body-font-family has-large-font-size\" style=\"font-style:normal;font-weight:100\"><strong>pr\u00e9-vente de l&rsquo;album : <br><\/strong>campagne de financement participatif <\/h2>\n\n\n\n<figure class=\"wp-block-embed is-type-video is-provider-vimeo wp-block-embed-vimeo wp-embed-aspect-16-9 wp-has-aspect-ratio\"><div class=\"wp-block-embed__wrapper\">\n<iframe loading=\"lazy\" title=\"Blues America Album American Dream\" src=\"https:\/\/player.vimeo.com\/video\/1061285436?dnt=1&amp;app_id=122963\" width=\"500\" height=\"281\" frameborder=\"0\" allow=\"autoplay; fullscreen; picture-in-picture; clipboard-write; encrypted-media\"><\/iframe>\n<\/div><\/figure>\n\n\n\n<div class=\"wp-block-columns is-layout-flex wp-container-core-columns-is-layout-1 wp-block-columns-is-layout-flex\">\n<div class=\"wp-block-column is-layout-flow wp-block-column-is-layout-flow\" style=\"flex-basis:100%\">\n<ul style=\"font-size:14px;font-style:normal;font-weight:300\" class=\"is-style-plain is-style-default\">\n<li class=\"has-body-font-family\"><strong>album \u00e0 para\u00eetre chez JujuWorks<\/strong><\/li>\n\n\n\n<li>production collectif&nbsp;<strong>la<\/strong>machinerie<\/li>\n\n\n\n<li>avec le soutien de la <strong>Muse en Circuit<\/strong>, Centre National de Cr\u00e9ation Musicale, Alforville. <\/li>\n\n\n\n<li>enregistr\u00e9 au Studio Luc Ferrari de la Muse en Circuit<\/li>\n\n\n\n<li>prise de son, mixage et mastering : Camille Lezer.<\/li>\n\n\n\n<li><strong>cr\u00e9ation vid\u00e9os <\/strong>: Val\u00e9rie Rabinovitch<\/li>\n<\/ul>\n<\/div>\n<\/div>\n\n\n\n<figure class=\"wp-block-embed is-type-video is-provider-vimeo wp-block-embed-vimeo wp-embed-aspect-16-9 wp-has-aspect-ratio\"><div class=\"wp-block-embed__wrapper\">\n<iframe loading=\"lazy\" title=\"Jim Crow Album American Dream\" src=\"https:\/\/player.vimeo.com\/video\/1061327068?dnt=1&amp;app_id=122963\" width=\"500\" height=\"281\" frameborder=\"0\" allow=\"autoplay; fullscreen; picture-in-picture; clipboard-write; encrypted-media\"><\/iframe>\n<\/div><\/figure>\n\n\n\n<p class=\"has-contrast-color has-text-color has-link-color wp-elements-44bddb18881c24acf4814fa695fcdb23\" style=\"font-size:14px;font-style:normal;font-weight:100\"><strong>\u00c9lectro-op\u00e9ratique<\/strong>. Construit autour de la po\u00e9sie am\u00e9ricaine incandescente et contestataire, celle d\u2019Allen Ginsberg, Bob Kaufman, Jimi Hendrix\u2026l\u2019album American Dream est une dramaturgie musicale, po\u00e9tique librement improvis\u00e9e. Une forme au fil narratif fragment\u00e9 comme des \u00e9clats de verre bris\u00e9. A l\u2019image de nos mondes en pleine acc\u00e9l\u00e9ration-confusion-diffraction.<\/p>\n\n\n\n<figure class=\"wp-block-embed is-type-video is-provider-vimeo wp-block-embed-vimeo wp-embed-aspect-16-9 wp-has-aspect-ratio\"><div class=\"wp-block-embed__wrapper\">\n<iframe loading=\"lazy\" title=\"Room full of Mirrors Album American Dream\" src=\"https:\/\/player.vimeo.com\/video\/1061305107?dnt=1&amp;app_id=122963\" width=\"500\" height=\"281\" frameborder=\"0\" allow=\"autoplay; fullscreen; picture-in-picture; clipboard-write; encrypted-media\"><\/iframe>\n<\/div><figcaption class=\"wp-element-caption\">photos Sylvain Solaro <\/figcaption><\/figure>\n\n\n\n<div class=\"wp-block-buttons is-layout-flex wp-block-buttons-is-layout-flex\">\n<div class=\"wp-block-button has-custom-font-size is-style-outline has-body-font-family\" style=\"font-size:14px;font-style:normal;font-weight:100\"><a class=\"wp-block-button__link has-custom-couleur-1-color has-text-color has-link-color wp-element-button\" href=\"https:\/\/lamachinerie.fr\/site\/?p=105\">en savoir plus&#8230;<\/a><\/div>\n<\/div>\n","protected":false},"excerpt":{"rendered":"<p>pr\u00e9-vente de l&rsquo;album : campagne de financement participatif \u00c9lectro-op\u00e9ratique. Construit autour de la po\u00e9sie am\u00e9ricaine incandescente et contestataire, celle d\u2019Allen Ginsberg, Bob Kaufman, Jimi Hendrix\u2026l\u2019album American Dream est une dramaturgie musicale, po\u00e9tique librement improvis\u00e9e. Une forme au fil narratif fragment\u00e9 comme des \u00e9clats de verre bris\u00e9. A l\u2019image de nos mondes en pleine acc\u00e9l\u00e9ration-confusion-diffraction.<\/p>\n","protected":false},"author":1,"featured_media":0,"parent":0,"menu_order":0,"comment_status":"closed","ping_status":"closed","template":"","meta":{"footnotes":""},"yoast_head":"<!-- This site is optimized with the Yoast SEO plugin v18.0 - https:\/\/yoast.com\/wordpress\/plugins\/seo\/ -->\n<meta name=\"robots\" content=\"index, follow, max-snippet:-1, max-image-preview:large, max-video-preview:-1\" \/>\n<link rel=\"canonical\" href=\"https:\/\/lamachinerie.fr\/site\/?page_id=26\" \/>\n<meta property=\"og:locale\" content=\"fr_FR\" \/>\n<meta property=\"og:type\" content=\"article\" \/>\n<meta property=\"og:title\" content=\"actualit\u00e9s - collectif la machinerie - fabrications sc\u00e9niques et musicales\" \/>\n<meta property=\"og:description\" content=\"pr\u00e9-vente de l&rsquo;album : campagne de financement participatif \u00c9lectro-op\u00e9ratique. Construit autour de la po\u00e9sie am\u00e9ricaine incandescente et contestataire, celle d\u2019Allen Ginsberg, Bob Kaufman, Jimi Hendrix\u2026l\u2019album American Dream est une dramaturgie musicale, po\u00e9tique librement improvis\u00e9e. Une forme au fil narratif fragment\u00e9 comme des \u00e9clats de verre bris\u00e9. A l\u2019image de nos mondes en pleine acc\u00e9l\u00e9ration-confusion-diffraction.\" \/>\n<meta property=\"og:url\" content=\"https:\/\/lamachinerie.fr\/site\/?page_id=26\" \/>\n<meta property=\"og:site_name\" content=\"collectif la machinerie - fabrications sc\u00e9niques et musicales\" \/>\n<meta property=\"article:modified_time\" content=\"2025-05-31T22:55:47+00:00\" \/>\n<meta property=\"og:image\" content=\"https:\/\/lamachinerie.fr\/site\/wp-content\/uploads\/2025\/06\/vignette3-1024x576.jpg\" \/>\n<meta name=\"twitter:card\" content=\"summary_large_image\" \/>\n<meta name=\"twitter:label1\" content=\"Dur\u00e9e de lecture estim\u00e9e\" \/>\n\t<meta name=\"twitter:data1\" content=\"1 minute\" \/>\n<script type=\"application\/ld+json\" class=\"yoast-schema-graph\">{\"@context\":\"https:\/\/schema.org\",\"@graph\":[{\"@type\":\"Organization\",\"@id\":\"https:\/\/lamachinerie.fr\/site\/#organization\",\"name\":\"COLLECTIF LA MACHINERIE\",\"url\":\"https:\/\/lamachinerie.fr\/site\/\",\"sameAs\":[],\"logo\":{\"@type\":\"ImageObject\",\"@id\":\"https:\/\/lamachinerie.fr\/site\/#logo\",\"inLanguage\":\"fr-FR\",\"url\":\"https:\/\/lamachinerie.fr\/site\/wp-content\/uploads\/2026\/02\/logo_72.jpg\",\"contentUrl\":\"https:\/\/lamachinerie.fr\/site\/wp-content\/uploads\/2026\/02\/logo_72.jpg\",\"width\":800,\"height\":474,\"caption\":\"COLLECTIF LA MACHINERIE\"},\"image\":{\"@id\":\"https:\/\/lamachinerie.fr\/site\/#logo\"}},{\"@type\":\"WebSite\",\"@id\":\"https:\/\/lamachinerie.fr\/site\/#website\",\"url\":\"https:\/\/lamachinerie.fr\/site\/\",\"name\":\"collectif la machinerie - fabrications sc\u00e9niques et musicales\",\"description\":\"fabrications sc\u00e9niques et musicales\",\"publisher\":{\"@id\":\"https:\/\/lamachinerie.fr\/site\/#organization\"},\"potentialAction\":[{\"@type\":\"SearchAction\",\"target\":{\"@type\":\"EntryPoint\",\"urlTemplate\":\"https:\/\/lamachinerie.fr\/site\/?s={search_term_string}\"},\"query-input\":\"required name=search_term_string\"}],\"inLanguage\":\"fr-FR\"},{\"@type\":\"ImageObject\",\"@id\":\"https:\/\/lamachinerie.fr\/site\/?page_id=26#primaryimage\",\"inLanguage\":\"fr-FR\",\"url\":\"https:\/\/lamachinerie.fr\/site\/wp-content\/uploads\/2025\/06\/vignette3-1024x576.jpg\",\"contentUrl\":\"https:\/\/lamachinerie.fr\/site\/wp-content\/uploads\/2025\/06\/vignette3-1024x576.jpg\"},{\"@type\":\"WebPage\",\"@id\":\"https:\/\/lamachinerie.fr\/site\/?page_id=26#webpage\",\"url\":\"https:\/\/lamachinerie.fr\/site\/?page_id=26\",\"name\":\"actualit\u00e9s - collectif la machinerie - fabrications sc\u00e9niques et musicales\",\"isPartOf\":{\"@id\":\"https:\/\/lamachinerie.fr\/site\/#website\"},\"primaryImageOfPage\":{\"@id\":\"https:\/\/lamachinerie.fr\/site\/?page_id=26#primaryimage\"},\"datePublished\":\"2025-03-06T15:59:39+00:00\",\"dateModified\":\"2025-05-31T22:55:47+00:00\",\"breadcrumb\":{\"@id\":\"https:\/\/lamachinerie.fr\/site\/?page_id=26#breadcrumb\"},\"inLanguage\":\"fr-FR\",\"potentialAction\":[{\"@type\":\"ReadAction\",\"target\":[\"https:\/\/lamachinerie.fr\/site\/?page_id=26\"]}]},{\"@type\":\"BreadcrumbList\",\"@id\":\"https:\/\/lamachinerie.fr\/site\/?page_id=26#breadcrumb\",\"itemListElement\":[{\"@type\":\"ListItem\",\"position\":1,\"name\":\"Accueil\",\"item\":\"https:\/\/lamachinerie.fr\/site\"},{\"@type\":\"ListItem\",\"position\":2,\"name\":\"actualit\u00e9s\"}]}]}<\/script>\n<!-- \/ Yoast SEO plugin. -->","yoast_head_json":{"robots":{"index":"index","follow":"follow","max-snippet":"max-snippet:-1","max-image-preview":"max-image-preview:large","max-video-preview":"max-video-preview:-1"},"canonical":"https:\/\/lamachinerie.fr\/site\/?page_id=26","og_locale":"fr_FR","og_type":"article","og_title":"actualit\u00e9s - collectif la machinerie - fabrications sc\u00e9niques et musicales","og_description":"pr\u00e9-vente de l&rsquo;album : campagne de financement participatif \u00c9lectro-op\u00e9ratique. Construit autour de la po\u00e9sie am\u00e9ricaine incandescente et contestataire, celle d\u2019Allen Ginsberg, Bob Kaufman, Jimi Hendrix\u2026l\u2019album American Dream est une dramaturgie musicale, po\u00e9tique librement improvis\u00e9e. Une forme au fil narratif fragment\u00e9 comme des \u00e9clats de verre bris\u00e9. A l\u2019image de nos mondes en pleine acc\u00e9l\u00e9ration-confusion-diffraction.","og_url":"https:\/\/lamachinerie.fr\/site\/?page_id=26","og_site_name":"collectif la machinerie - fabrications sc\u00e9niques et musicales","article_modified_time":"2025-05-31T22:55:47+00:00","og_image":[{"url":"https:\/\/lamachinerie.fr\/site\/wp-content\/uploads\/2025\/06\/vignette3-1024x576.jpg"}],"twitter_card":"summary_large_image","twitter_misc":{"Dur\u00e9e de lecture estim\u00e9e":"1 minute"},"schema":{"@context":"https:\/\/schema.org","@graph":[{"@type":"Organization","@id":"https:\/\/lamachinerie.fr\/site\/#organization","name":"COLLECTIF LA MACHINERIE","url":"https:\/\/lamachinerie.fr\/site\/","sameAs":[],"logo":{"@type":"ImageObject","@id":"https:\/\/lamachinerie.fr\/site\/#logo","inLanguage":"fr-FR","url":"https:\/\/lamachinerie.fr\/site\/wp-content\/uploads\/2026\/02\/logo_72.jpg","contentUrl":"https:\/\/lamachinerie.fr\/site\/wp-content\/uploads\/2026\/02\/logo_72.jpg","width":800,"height":474,"caption":"COLLECTIF LA MACHINERIE"},"image":{"@id":"https:\/\/lamachinerie.fr\/site\/#logo"}},{"@type":"WebSite","@id":"https:\/\/lamachinerie.fr\/site\/#website","url":"https:\/\/lamachinerie.fr\/site\/","name":"collectif la machinerie - fabrications sc\u00e9niques et musicales","description":"fabrications sc\u00e9niques et musicales","publisher":{"@id":"https:\/\/lamachinerie.fr\/site\/#organization"},"potentialAction":[{"@type":"SearchAction","target":{"@type":"EntryPoint","urlTemplate":"https:\/\/lamachinerie.fr\/site\/?s={search_term_string}"},"query-input":"required name=search_term_string"}],"inLanguage":"fr-FR"},{"@type":"ImageObject","@id":"https:\/\/lamachinerie.fr\/site\/?page_id=26#primaryimage","inLanguage":"fr-FR","url":"https:\/\/lamachinerie.fr\/site\/wp-content\/uploads\/2025\/06\/vignette3-1024x576.jpg","contentUrl":"https:\/\/lamachinerie.fr\/site\/wp-content\/uploads\/2025\/06\/vignette3-1024x576.jpg"},{"@type":"WebPage","@id":"https:\/\/lamachinerie.fr\/site\/?page_id=26#webpage","url":"https:\/\/lamachinerie.fr\/site\/?page_id=26","name":"actualit\u00e9s - collectif la machinerie - fabrications sc\u00e9niques et musicales","isPartOf":{"@id":"https:\/\/lamachinerie.fr\/site\/#website"},"primaryImageOfPage":{"@id":"https:\/\/lamachinerie.fr\/site\/?page_id=26#primaryimage"},"datePublished":"2025-03-06T15:59:39+00:00","dateModified":"2025-05-31T22:55:47+00:00","breadcrumb":{"@id":"https:\/\/lamachinerie.fr\/site\/?page_id=26#breadcrumb"},"inLanguage":"fr-FR","potentialAction":[{"@type":"ReadAction","target":["https:\/\/lamachinerie.fr\/site\/?page_id=26"]}]},{"@type":"BreadcrumbList","@id":"https:\/\/lamachinerie.fr\/site\/?page_id=26#breadcrumb","itemListElement":[{"@type":"ListItem","position":1,"name":"Accueil","item":"https:\/\/lamachinerie.fr\/site"},{"@type":"ListItem","position":2,"name":"actualit\u00e9s"}]}]}},"_links":{"self":[{"href":"https:\/\/lamachinerie.fr\/site\/index.php?rest_route=\/wp\/v2\/pages\/26"}],"collection":[{"href":"https:\/\/lamachinerie.fr\/site\/index.php?rest_route=\/wp\/v2\/pages"}],"about":[{"href":"https:\/\/lamachinerie.fr\/site\/index.php?rest_route=\/wp\/v2\/types\/page"}],"author":[{"embeddable":true,"href":"https:\/\/lamachinerie.fr\/site\/index.php?rest_route=\/wp\/v2\/users\/1"}],"replies":[{"embeddable":true,"href":"https:\/\/lamachinerie.fr\/site\/index.php?rest_route=%2Fwp%2Fv2%2Fcomments&post=26"}],"version-history":[{"count":32,"href":"https:\/\/lamachinerie.fr\/site\/index.php?rest_route=\/wp\/v2\/pages\/26\/revisions"}],"predecessor-version":[{"id":378,"href":"https:\/\/lamachinerie.fr\/site\/index.php?rest_route=\/wp\/v2\/pages\/26\/revisions\/378"}],"wp:attachment":[{"href":"https:\/\/lamachinerie.fr\/site\/index.php?rest_route=%2Fwp%2Fv2%2Fmedia&parent=26"}],"curies":[{"name":"wp","href":"https:\/\/api.w.org\/{rel}","templated":true}]}}