{"id":347,"date":"2025-04-15T00:20:01","date_gmt":"2025-04-14T22:20:01","guid":{"rendered":"https:\/\/lamachinerie.fr\/site\/?page_id=347"},"modified":"2025-04-15T00:20:01","modified_gmt":"2025-04-14T22:20:01","slug":"kabarets-kasses-presse","status":"publish","type":"page","link":"https:\/\/lamachinerie.fr\/site\/?page_id=347","title":{"rendered":"kabarets kass\u00e9s \/presse"},"content":{"rendered":"\n<p class=\"has-body-font-family\" style=\"font-size:14px;font-style:normal;font-weight:100\">\u00ab Ils le savent, eux aussi, qu\u2019il faut interroger le pass\u00e9 pour comprendre le pr\u00e9sent, et peut-\u00eatre m\u00eame, si l\u2019on est\u00a0 un peu\u00a0 optimiste, pour prot\u00e9ger l\u2019avenir. On se dit parfois qu\u2019il n\u2019y a plus rien \u00e0 prot\u00e9ger, quand les d\u00e9\u00e7us de la politique se r\u00e9fugient dans la haine et se livrent pieds et poings li\u00e9s au pire, pourvu que leur passion de revanche et de nuisance soit satisfaite\u2026\u2028Bon sang\u00a0! Nous ferions mieux d\u2019\u00eatre citoyens, et de prendre les choses en main, plut\u00f4t que de croire au p\u00e8re No\u00ebl et de lui en vouloir de cadeaux qui se paient cher ! Bref, le collectif <strong>la<\/strong>machinerie est revenu aux sources de l\u2019histoire, avec la Grande guerre et la mont\u00e9e du nazisme.\u2028 Et \u00e7a fait mal. Ils ont choisi la forme la plus libre, la plus d\u00e9sesp\u00e9r\u00e9e, la plus dr\u00f4le aussi, celle que\u00a0 Karl Valentin et\u00a0 ses amis avaient trouv\u00e9e pour tourner la censure. Ils lui ont donn\u00e9 le style qui s\u2019impose, expressionniste, en hommage \u00e0 Grosz, Otto Dix, et quelques autres qui partagent avec eux la force et la justesse du trait.\u2028 Capable d\u2019un subtil \u00ab\u00a0sprechgesang\u00a0\u00bb (parl\u00e9\/chant\u00e9),\u00a0 ils sont aussi rigoureux et saisissants musiciens qu\u2019ils sont com\u00e9diens exacts, et historiens scrupuleux. Et surtout linguistes, car toute la politique est l\u00e0,\u00a0 avec le sens donn\u00e9 aux mots, et dans celui qu\u2019on leur \u00f4te, subrepticement, pour mieux prendre le pouvoir sur les hommes, jusqu\u2019\u00e0 faire r\u00e9gner la barbarie.\u2028 Ils se sont nomm\u00e9s : Angst (Markus Fisher) et Zorn (Fran\u00e7oise-Franca Cuomo); ils jouent et chantent avec une pr\u00e9cision infernale cette peur (Angst) et cette col\u00e8re (Zorn), en nous regardant droit dans les yeux. Christiane Bopp, au trombone et Cyril Trochu, au piano et \u00e0 l\u2019accord\u00e9on, Sylvain Kassap, aux clarinettes, les \u00ab\u00a0accompagnent\u00a0\u00bb au sens plein du terme.\u2028<br>Il les soutiennent, dialoguent avec eux, apportent la note d\u2019humour qui fait grincer et rire en m\u00eame temps. \u00c0 quoi tient le charme de ce cabaret anguleux\u00a0? \u00c0 une nostalgie bien comprise, \u00e0 un pessimisme joyeux, \u00e0 leur amour inconditionnel de la musique, et \u00e0 l\u2019amiti\u00e9 qui passe, entre eux, et entre nous. C\u2019est ainsi\u00a0: la sorci\u00e8re est dans la cuisine\u00a0: nous savons que les contes pour enfants sont cruels, mais qu\u2019ils ne trompent pas leur monde. <strong>La<\/strong>machinerie a d\u00e9j\u00e0 visit\u00e9 le monde pas si enfantin de Lewis Caroll\u00a0: attendez-les au tournant, vous ne serez pas d\u00e9\u00e7us.\u2028<strong>Christine Friedel in theatredublog,<\/strong> 16 novembre 2015 <br><a href=\"http:\/\/theatredublog.unblog.fr\/2015\/11\/16\/kabarets-kasses-12\/\">http:\/\/theatredublog.unblog.fr\/2015\/11\/16\/kabarets-kasses-12\/<\/a><\/p>\n\n\n\n<div class=\"wp-block-media-text is-stacked-on-mobile\"><figure class=\"wp-block-media-text__media\"><img loading=\"lazy\" decoding=\"async\" width=\"624\" height=\"749\" src=\"https:\/\/lamachinerie.fr\/site\/wp-content\/uploads\/2025\/04\/MG_9692.jpg\" alt=\"\" class=\"wp-image-229 size-full\" srcset=\"https:\/\/lamachinerie.fr\/site\/wp-content\/uploads\/2025\/04\/MG_9692.jpg 624w, https:\/\/lamachinerie.fr\/site\/wp-content\/uploads\/2025\/04\/MG_9692-250x300.jpg 250w\" sizes=\"(max-width: 624px) 100vw, 624px\" \/><\/figure><div class=\"wp-block-media-text__content\">\n<p><\/p>\n<\/div><\/div>\n\n\n\n<figure class=\"wp-block-image size-large is-resized\"><img loading=\"lazy\" decoding=\"async\" width=\"1024\" height=\"408\" src=\"https:\/\/lamachinerie.fr\/site\/wp-content\/uploads\/2025\/04\/titre-seul-grand-1024x408.jpg\" alt=\"\" class=\"wp-image-228\" style=\"width:299px;height:auto\" srcset=\"https:\/\/lamachinerie.fr\/site\/wp-content\/uploads\/2025\/04\/titre-seul-grand-1024x408.jpg 1024w, https:\/\/lamachinerie.fr\/site\/wp-content\/uploads\/2025\/04\/titre-seul-grand-300x120.jpg 300w, https:\/\/lamachinerie.fr\/site\/wp-content\/uploads\/2025\/04\/titre-seul-grand-768x306.jpg 768w, https:\/\/lamachinerie.fr\/site\/wp-content\/uploads\/2025\/04\/titre-seul-grand-1536x612.jpg 1536w, https:\/\/lamachinerie.fr\/site\/wp-content\/uploads\/2025\/04\/titre-seul-grand-2048x816.jpg 2048w\" sizes=\"(max-width: 1024px) 100vw, 1024px\" \/><\/figure>\n","protected":false},"excerpt":{"rendered":"<p>\u00ab Ils le savent, eux aussi, qu\u2019il faut interroger le pass\u00e9 pour comprendre le pr\u00e9sent, et peut-\u00eatre m\u00eame, si l\u2019on est\u00a0 un peu\u00a0 optimiste, pour prot\u00e9ger l\u2019avenir. On se dit parfois qu\u2019il n\u2019y a plus rien \u00e0 prot\u00e9ger, quand les d\u00e9\u00e7us de la politique se r\u00e9fugient dans la haine et se livrent pieds et poings [&hellip;]<\/p>\n","protected":false},"author":1,"featured_media":0,"parent":0,"menu_order":0,"comment_status":"closed","ping_status":"closed","template":"","meta":{"footnotes":""},"yoast_head":"<!-- This site is optimized with the Yoast SEO plugin v18.0 - https:\/\/yoast.com\/wordpress\/plugins\/seo\/ -->\n<meta name=\"robots\" content=\"index, follow, max-snippet:-1, max-image-preview:large, max-video-preview:-1\" \/>\n<link rel=\"canonical\" href=\"https:\/\/lamachinerie.fr\/site\/?page_id=347\" \/>\n<meta property=\"og:locale\" content=\"fr_FR\" \/>\n<meta property=\"og:type\" content=\"article\" \/>\n<meta property=\"og:title\" content=\"kabarets kass\u00e9s \/presse - collectif la machinerie - fabrications sc\u00e9niques et musicales\" \/>\n<meta property=\"og:description\" content=\"\u00ab Ils le savent, eux aussi, qu\u2019il faut interroger le pass\u00e9 pour comprendre le pr\u00e9sent, et peut-\u00eatre m\u00eame, si l\u2019on est\u00a0 un peu\u00a0 optimiste, pour prot\u00e9ger l\u2019avenir. On se dit parfois qu\u2019il n\u2019y a plus rien \u00e0 prot\u00e9ger, quand les d\u00e9\u00e7us de la politique se r\u00e9fugient dans la haine et se livrent pieds et poings [&hellip;]\" \/>\n<meta property=\"og:url\" content=\"https:\/\/lamachinerie.fr\/site\/?page_id=347\" \/>\n<meta property=\"og:site_name\" content=\"collectif la machinerie - fabrications sc\u00e9niques et musicales\" \/>\n<meta property=\"og:image\" content=\"https:\/\/lamachinerie.fr\/site\/wp-content\/uploads\/2025\/04\/MG_9692.jpg\" \/>\n<meta name=\"twitter:card\" content=\"summary_large_image\" \/>\n<meta name=\"twitter:label1\" content=\"Dur\u00e9e de lecture estim\u00e9e\" \/>\n\t<meta name=\"twitter:data1\" content=\"2 minutes\" \/>\n<script type=\"application\/ld+json\" class=\"yoast-schema-graph\">{\"@context\":\"https:\/\/schema.org\",\"@graph\":[{\"@type\":\"Organization\",\"@id\":\"https:\/\/lamachinerie.fr\/site\/#organization\",\"name\":\"COLLECTIF LA MACHINERIE\",\"url\":\"https:\/\/lamachinerie.fr\/site\/\",\"sameAs\":[],\"logo\":{\"@type\":\"ImageObject\",\"@id\":\"https:\/\/lamachinerie.fr\/site\/#logo\",\"inLanguage\":\"fr-FR\",\"url\":\"https:\/\/lamachinerie.fr\/site\/wp-content\/uploads\/2026\/02\/logo_72.jpg\",\"contentUrl\":\"https:\/\/lamachinerie.fr\/site\/wp-content\/uploads\/2026\/02\/logo_72.jpg\",\"width\":800,\"height\":474,\"caption\":\"COLLECTIF LA MACHINERIE\"},\"image\":{\"@id\":\"https:\/\/lamachinerie.fr\/site\/#logo\"}},{\"@type\":\"WebSite\",\"@id\":\"https:\/\/lamachinerie.fr\/site\/#website\",\"url\":\"https:\/\/lamachinerie.fr\/site\/\",\"name\":\"collectif la machinerie - fabrications sc\u00e9niques et musicales\",\"description\":\"fabrications sc\u00e9niques et musicales\",\"publisher\":{\"@id\":\"https:\/\/lamachinerie.fr\/site\/#organization\"},\"potentialAction\":[{\"@type\":\"SearchAction\",\"target\":{\"@type\":\"EntryPoint\",\"urlTemplate\":\"https:\/\/lamachinerie.fr\/site\/?s={search_term_string}\"},\"query-input\":\"required name=search_term_string\"}],\"inLanguage\":\"fr-FR\"},{\"@type\":\"ImageObject\",\"@id\":\"https:\/\/lamachinerie.fr\/site\/?page_id=347#primaryimage\",\"inLanguage\":\"fr-FR\",\"url\":\"https:\/\/lamachinerie.fr\/site\/wp-content\/uploads\/2025\/04\/MG_9692.jpg\",\"contentUrl\":\"https:\/\/lamachinerie.fr\/site\/wp-content\/uploads\/2025\/04\/MG_9692.jpg\",\"width\":624,\"height\":749},{\"@type\":\"WebPage\",\"@id\":\"https:\/\/lamachinerie.fr\/site\/?page_id=347#webpage\",\"url\":\"https:\/\/lamachinerie.fr\/site\/?page_id=347\",\"name\":\"kabarets kass\u00e9s \/presse - collectif la machinerie - fabrications sc\u00e9niques et musicales\",\"isPartOf\":{\"@id\":\"https:\/\/lamachinerie.fr\/site\/#website\"},\"primaryImageOfPage\":{\"@id\":\"https:\/\/lamachinerie.fr\/site\/?page_id=347#primaryimage\"},\"datePublished\":\"2025-04-14T22:20:01+00:00\",\"dateModified\":\"2025-04-14T22:20:01+00:00\",\"breadcrumb\":{\"@id\":\"https:\/\/lamachinerie.fr\/site\/?page_id=347#breadcrumb\"},\"inLanguage\":\"fr-FR\",\"potentialAction\":[{\"@type\":\"ReadAction\",\"target\":[\"https:\/\/lamachinerie.fr\/site\/?page_id=347\"]}]},{\"@type\":\"BreadcrumbList\",\"@id\":\"https:\/\/lamachinerie.fr\/site\/?page_id=347#breadcrumb\",\"itemListElement\":[{\"@type\":\"ListItem\",\"position\":1,\"name\":\"Accueil\",\"item\":\"https:\/\/lamachinerie.fr\/site\"},{\"@type\":\"ListItem\",\"position\":2,\"name\":\"kabarets kass\u00e9s \/presse\"}]}]}<\/script>\n<!-- \/ Yoast SEO plugin. -->","yoast_head_json":{"robots":{"index":"index","follow":"follow","max-snippet":"max-snippet:-1","max-image-preview":"max-image-preview:large","max-video-preview":"max-video-preview:-1"},"canonical":"https:\/\/lamachinerie.fr\/site\/?page_id=347","og_locale":"fr_FR","og_type":"article","og_title":"kabarets kass\u00e9s \/presse - collectif la machinerie - fabrications sc\u00e9niques et musicales","og_description":"\u00ab Ils le savent, eux aussi, qu\u2019il faut interroger le pass\u00e9 pour comprendre le pr\u00e9sent, et peut-\u00eatre m\u00eame, si l\u2019on est\u00a0 un peu\u00a0 optimiste, pour prot\u00e9ger l\u2019avenir. On se dit parfois qu\u2019il n\u2019y a plus rien \u00e0 prot\u00e9ger, quand les d\u00e9\u00e7us de la politique se r\u00e9fugient dans la haine et se livrent pieds et poings [&hellip;]","og_url":"https:\/\/lamachinerie.fr\/site\/?page_id=347","og_site_name":"collectif la machinerie - fabrications sc\u00e9niques et musicales","og_image":[{"url":"https:\/\/lamachinerie.fr\/site\/wp-content\/uploads\/2025\/04\/MG_9692.jpg"}],"twitter_card":"summary_large_image","twitter_misc":{"Dur\u00e9e de lecture estim\u00e9e":"2 minutes"},"schema":{"@context":"https:\/\/schema.org","@graph":[{"@type":"Organization","@id":"https:\/\/lamachinerie.fr\/site\/#organization","name":"COLLECTIF LA MACHINERIE","url":"https:\/\/lamachinerie.fr\/site\/","sameAs":[],"logo":{"@type":"ImageObject","@id":"https:\/\/lamachinerie.fr\/site\/#logo","inLanguage":"fr-FR","url":"https:\/\/lamachinerie.fr\/site\/wp-content\/uploads\/2026\/02\/logo_72.jpg","contentUrl":"https:\/\/lamachinerie.fr\/site\/wp-content\/uploads\/2026\/02\/logo_72.jpg","width":800,"height":474,"caption":"COLLECTIF LA MACHINERIE"},"image":{"@id":"https:\/\/lamachinerie.fr\/site\/#logo"}},{"@type":"WebSite","@id":"https:\/\/lamachinerie.fr\/site\/#website","url":"https:\/\/lamachinerie.fr\/site\/","name":"collectif la machinerie - fabrications sc\u00e9niques et musicales","description":"fabrications sc\u00e9niques et musicales","publisher":{"@id":"https:\/\/lamachinerie.fr\/site\/#organization"},"potentialAction":[{"@type":"SearchAction","target":{"@type":"EntryPoint","urlTemplate":"https:\/\/lamachinerie.fr\/site\/?s={search_term_string}"},"query-input":"required name=search_term_string"}],"inLanguage":"fr-FR"},{"@type":"ImageObject","@id":"https:\/\/lamachinerie.fr\/site\/?page_id=347#primaryimage","inLanguage":"fr-FR","url":"https:\/\/lamachinerie.fr\/site\/wp-content\/uploads\/2025\/04\/MG_9692.jpg","contentUrl":"https:\/\/lamachinerie.fr\/site\/wp-content\/uploads\/2025\/04\/MG_9692.jpg","width":624,"height":749},{"@type":"WebPage","@id":"https:\/\/lamachinerie.fr\/site\/?page_id=347#webpage","url":"https:\/\/lamachinerie.fr\/site\/?page_id=347","name":"kabarets kass\u00e9s \/presse - collectif la machinerie - fabrications sc\u00e9niques et musicales","isPartOf":{"@id":"https:\/\/lamachinerie.fr\/site\/#website"},"primaryImageOfPage":{"@id":"https:\/\/lamachinerie.fr\/site\/?page_id=347#primaryimage"},"datePublished":"2025-04-14T22:20:01+00:00","dateModified":"2025-04-14T22:20:01+00:00","breadcrumb":{"@id":"https:\/\/lamachinerie.fr\/site\/?page_id=347#breadcrumb"},"inLanguage":"fr-FR","potentialAction":[{"@type":"ReadAction","target":["https:\/\/lamachinerie.fr\/site\/?page_id=347"]}]},{"@type":"BreadcrumbList","@id":"https:\/\/lamachinerie.fr\/site\/?page_id=347#breadcrumb","itemListElement":[{"@type":"ListItem","position":1,"name":"Accueil","item":"https:\/\/lamachinerie.fr\/site"},{"@type":"ListItem","position":2,"name":"kabarets kass\u00e9s \/presse"}]}]}},"_links":{"self":[{"href":"https:\/\/lamachinerie.fr\/site\/index.php?rest_route=\/wp\/v2\/pages\/347"}],"collection":[{"href":"https:\/\/lamachinerie.fr\/site\/index.php?rest_route=\/wp\/v2\/pages"}],"about":[{"href":"https:\/\/lamachinerie.fr\/site\/index.php?rest_route=\/wp\/v2\/types\/page"}],"author":[{"embeddable":true,"href":"https:\/\/lamachinerie.fr\/site\/index.php?rest_route=\/wp\/v2\/users\/1"}],"replies":[{"embeddable":true,"href":"https:\/\/lamachinerie.fr\/site\/index.php?rest_route=%2Fwp%2Fv2%2Fcomments&post=347"}],"version-history":[{"count":1,"href":"https:\/\/lamachinerie.fr\/site\/index.php?rest_route=\/wp\/v2\/pages\/347\/revisions"}],"predecessor-version":[{"id":348,"href":"https:\/\/lamachinerie.fr\/site\/index.php?rest_route=\/wp\/v2\/pages\/347\/revisions\/348"}],"wp:attachment":[{"href":"https:\/\/lamachinerie.fr\/site\/index.php?rest_route=%2Fwp%2Fv2%2Fmedia&parent=347"}],"curies":[{"name":"wp","href":"https:\/\/api.w.org\/{rel}","templated":true}]}}